{"id":80437,"date":"2019-02-25T20:05:45","date_gmt":"2019-02-25T19:05:45","guid":{"rendered":"https:\/\/bmf-fvm.org\/bizkaiko-xendazaletasun-liga\/parte-hartzea\/"},"modified":"2024-09-16T21:01:20","modified_gmt":"2024-09-16T19:01:20","slug":"parte-hartzea","status":"publish","type":"page","link":"https:\/\/bmf-fvm.org\/eu\/bizkaiko-xendazaletasun-liga\/parte-hartzea\/","title":{"rendered":"Xendazaletasun Ligaren parte hartzea"},"content":{"rendered":"<div class=\"wpb-content-wrapper\"><p>[vc_row][vc_column width=&#8221;2\/3&#8243;][vc_column_text css=&#8221;&#8221;]Atal honetan ikusi ahal izango duzu zein irteeratan parte hartu duzun, bai FVMko Mendi-ibilien Ligan, bai BBK Mendi Martxaken. Zure IFZ\/AIZ osoa sartu besterik ez duzu egin behar.[\/vc_column_text][vc_column_text css=&#8221;&#8221;]\t<script>\r\n\t\tjQuery( 'document' ).ready( function($) {\r\n\t\t\t$( '#form-participacion' ).submit( function( e ) {\r\n\t\t\t\tvar nif = $( '#nif-participacion' ).val()\r\n\t\t\t\t\r\n\t\t\t\t$( '#nif-participacion' ).val( nif.toUpperCase() )\r\n\t\t\t\t\r\n\t\t\t\tif ( ! validateDNI( $( '#nif-participacion' ).val() ) ) {\r\n\t\t\t\t\talert( 'Introduzca un NIF v\u00e1lido.' )\r\n\t\t\t\t\t\r\n\t\t\t\t\treturn false\r\n\t\t\t\t}\r\n\t\t\t})\r\n\t\t})\r\n\t\t\r\n\t\tfunction validateDNI( cif ) {\r\n\t\t\tnum = []\r\n\t\t\tcif = cif.toUpperCase()\r\n\t\t\t\r\n\t\t\tfor ( i = 0; i < 9; i ++ ) {\r\n\t\t\t\tnum[i] = cif.substr( i, 1 )\r\n\t\t\t}\r\n\t\t\t\r\n\t\t\t\/\/ Si no tiene un formato valido devuelve error\r\n\t\t\t\r\n\t\t\tif ( ! cif.match( '((^[A-Z]{1}[0-9]{7}[A-Z0-9]{1}$|^[T]{1}[A-Z0-9]{8}$)|^[0-9]{8}[A-Z]{1}$)' ) ) {\r\n\t\t\t\treturn false\r\n\t\t\t}\r\n\t\t\t\r\n\t\t\t\/\/ Comprobacion de NIFs estandar\r\n\t\t\t\r\n\t\t\tif ( cif.match( '(^[0-9]{8}[A-Z]{1}$)' ) ) {\r\n\t\t\t\treturn num[ 8 ] == 'TRWAGMYFPDXBNJZSQVHLCKE'.substr( cif.substr( 0, 8 ) % 23, 1 )\r\n\t\t\t}\r\n\t\t\t\r\n\t\t\t\/\/ Algoritmo para comprobacion de codigos tipo CIF\r\n\t\t\t\r\n\t\t\tsuma = parseInt( num[2] ) + parseInt( num[ 4 ] ) + parseInt( num[ 6 ] )\r\n\t\t\t\r\n\t\t\tfor ( i = 1; i < 8; i += 2 ) {\r\n\t\t\t\tvar valor = ( 2 * num[i] ).toString().substr( 0,1 )\r\n\t\t\t\t\r\n\t\t\t\tif ( valor.length ) {\r\n\t\t\t\t\tsuma += parseInt( valor )\r\n\t\t\t\t}\r\n\t\t\t\t\r\n\t\t\t\tvar valor = ( 2 * num[i] ).toString().substr( 1,1 )\r\n\t\t\t\t\r\n\t\t\t\tif ( valor.length )\r\n\t\t\t\t\tsuma += parseInt( valor )\r\n\t\t\t}\r\n\t\t\t\r\n\t\t\tsuma = suma.toString()\r\n\t\t\tn    = 10 - suma.substr( suma.length - 1, 1)\r\n\t\t\tnStr = n.toString()\r\n\t\t\t\r\n\t\t\t\/\/ Comprobacion de NIFs especiales (se calculan como CIFs)\r\n\t\t\t\r\n\t\t\tif ( cif.match( '^[KLM]{1}' ) )\r\n\t\t\t\treturn num[8] == String.fromCharCode( 64 + n ) || num[8] == 'TRWAGMYFPDXBNJZSQVHLCKE'.substr( parseInt( cif.substr( 1, 8 ) ) % 23, 1 )\r\n\t\t\t\r\n\t\t\t\/\/ Comprobacion de CIFs\r\n\t\t\t\r\n\t\t\tif ( cif.match( '^[ABCDEFGHJNPQRSUVW]{1}' ) )\r\n\t\t\t\treturn num[8] == String.fromCharCode( 64 + n ) || num[8] == nStr.substr( nStr.length - 1, 1 )\r\n\t\t\t\r\n\t\t\t\/\/ XYZ\r\n\t\t\t\r\n\t\t\tif ( cif.match( '^[XYZ]{1}' ) ) {\r\n\t\t\t\ttmpstr = cif.replace( 'X', '0' );\r\n\t\t\t\ttmpstr = tmpstr.replace( 'Y', '1' );\r\n\t\t\t\ttmpstr = tmpstr.replace( 'Z', '2' );\r\n\t\t\t\t\r\n\t\t\t\treturn num[8] == 'TRWAGMYFPDXBNJZSQVHLCKE'.substr( parseInt( tmpstr.substr( 0, 8 ) ) % 23, 1 )\r\n\t\t\t}\r\n\t\t\t\r\n\t\t\t\/\/ Si todavia no se ha verificado devuelve error\r\n\t\t\t\r\n\t\t\treturn false\r\n\t\t}\r\n\t<\/script>\r\n\t\r\n\t<form id=\"form-participacion\" method=\"post\" class=\"mb-5\">\r\n\t\t<input type=\"text\" class=\"mr-4\" id=\"nif-participacion\" name=\"nif\" placeholder=\"IFZ edo AIZ osoak\" value=\"\" \/>\r\n\t\t\r\n\t\t<input type=\"hidden\" id=\"_wpnonce\" name=\"_wpnonce\" value=\"a3e8ab0058\" \/><input type=\"hidden\" name=\"_wp_http_referer\" value=\"\/eu\/wp-json\/wp\/v2\/pages\/80437\" \/>\t\t\r\n\t\t<button type=\"submit\" class=\"button\">Parte-hartzea egiaztatzea<\/button>\r\n\t<\/form>\r\n\t\r\n[\/vc_column_text][\/vc_column][vc_column width=&#8221;1\/3&#8243;][vc_single_image image=&#8221;86132&#8243; img_size=&#8221;full&#8221; css=&#8221;&#8221;][\/vc_column][\/vc_row]<\/p>\n<\/div>","protected":false},"excerpt":{"rendered":"<p>[vc_row][vc_column width=&#8221;2\/3&#8243;][vc_column_text css=&#8221;&#8221;]Atal honetan ikusi ahal izango duzu zein irteeratan parte hartu duzun, bai FVMko Mendi-ibilien Ligan, bai BBK Mendi&hellip;<\/p>\n","protected":false},"author":1,"featured_media":0,"parent":80421,"menu_order":24,"comment_status":"closed","ping_status":"closed","template":"","meta":{"_acf_changed":false,"footnotes":""},"class_list":["post-80437","page","type-page","status-publish","hentry"],"acf":[],"yoast_head":"<!-- This site is optimized with the Yoast SEO plugin v27.3 - https:\/\/yoast.com\/product\/yoast-seo-wordpress\/ -->\n<title>Xendazaletasun Ligaren parte hartzea - Bizkaiko Mendizale Federazioa<\/title>\n<meta name=\"robots\" content=\"index, follow, max-snippet:-1, max-image-preview:large, max-video-preview:-1\" \/>\n<link rel=\"canonical\" href=\"https:\/\/bmf-fvm.org\/eu\/bizkaiko-xendazaletasun-liga\/parte-hartzea\/\" \/>\n<meta property=\"og:locale\" content=\"en_US\" \/>\n<meta property=\"og:type\" content=\"article\" \/>\n<meta property=\"og:title\" content=\"Xendazaletasun Ligaren parte hartzea - Bizkaiko Mendizale Federazioa\" \/>\n<meta property=\"og:description\" content=\"[vc_row][vc_column width=&#8221;2\/3&#8243;][vc_column_text css=&#8221;&#8221;]Atal honetan ikusi ahal izango duzu zein irteeratan parte hartu duzun, bai FVMko Mendi-ibilien Ligan, bai BBK Mendi&hellip;\" \/>\n<meta property=\"og:url\" content=\"https:\/\/bmf-fvm.org\/eu\/bizkaiko-xendazaletasun-liga\/parte-hartzea\/\" \/>\n<meta property=\"og:site_name\" content=\"Bizkaiko Mendizale Federazioa\" \/>\n<meta property=\"article:publisher\" content=\"https:\/\/facebook.com\/pages\/Bmf-Fvm\/597553177057267\" \/>\n<meta property=\"article:modified_time\" content=\"2024-09-16T19:01:20+00:00\" \/>\n<meta property=\"og:image\" content=\"https:\/\/bmf-fvm.org\/wp-content\/uploads\/2022\/04\/bmf-fb-logo.jpg\" \/>\n\t<meta property=\"og:image:width\" content=\"200\" \/>\n\t<meta property=\"og:image:height\" content=\"200\" \/>\n\t<meta property=\"og:image:type\" content=\"image\/jpeg\" \/>\n<meta name=\"twitter:card\" content=\"summary_large_image\" \/>\n<script type=\"application\/ld+json\" class=\"yoast-schema-graph\">{\"@context\":\"https:\\\/\\\/schema.org\",\"@graph\":[{\"@type\":\"WebPage\",\"@id\":\"https:\\\/\\\/bmf-fvm.org\\\/eu\\\/bizkaiko-xendazaletasun-liga\\\/parte-hartzea\\\/\",\"url\":\"https:\\\/\\\/bmf-fvm.org\\\/eu\\\/bizkaiko-xendazaletasun-liga\\\/parte-hartzea\\\/\",\"name\":\"Xendazaletasun Ligaren parte hartzea - Bizkaiko Mendizale Federazioa\",\"isPartOf\":{\"@id\":\"https:\\\/\\\/bmf-fvm.org\\\/#website\"},\"datePublished\":\"2019-02-25T19:05:45+00:00\",\"dateModified\":\"2024-09-16T19:01:20+00:00\",\"breadcrumb\":{\"@id\":\"https:\\\/\\\/bmf-fvm.org\\\/eu\\\/bizkaiko-xendazaletasun-liga\\\/parte-hartzea\\\/#breadcrumb\"},\"inLanguage\":\"eu\",\"potentialAction\":[{\"@type\":\"ReadAction\",\"target\":[\"https:\\\/\\\/bmf-fvm.org\\\/eu\\\/bizkaiko-xendazaletasun-liga\\\/parte-hartzea\\\/\"]}]},{\"@type\":\"BreadcrumbList\",\"@id\":\"https:\\\/\\\/bmf-fvm.org\\\/eu\\\/bizkaiko-xendazaletasun-liga\\\/parte-hartzea\\\/#breadcrumb\",\"itemListElement\":[{\"@type\":\"ListItem\",\"position\":1,\"name\":\"Portada\",\"item\":\"https:\\\/\\\/bmf-fvm.org\\\/eu\\\/\"},{\"@type\":\"ListItem\",\"position\":2,\"name\":\"Bizkaiko Xendazaletasun Liga\",\"item\":\"https:\\\/\\\/bmf-fvm.org\\\/eu\\\/bizkaiko-xendazaletasun-liga\\\/\"},{\"@type\":\"ListItem\",\"position\":3,\"name\":\"Xendazaletasun Ligaren parte hartzea\"}]},{\"@type\":\"WebSite\",\"@id\":\"https:\\\/\\\/bmf-fvm.org\\\/#website\",\"url\":\"https:\\\/\\\/bmf-fvm.org\\\/\",\"name\":\"Bizkaiko Mendizale Federazioa\",\"description\":\"Bizkaiko Mendizale Federazioa\",\"publisher\":{\"@id\":\"https:\\\/\\\/bmf-fvm.org\\\/#organization\"},\"potentialAction\":[{\"@type\":\"SearchAction\",\"target\":{\"@type\":\"EntryPoint\",\"urlTemplate\":\"https:\\\/\\\/bmf-fvm.org\\\/?s={search_term_string}\"},\"query-input\":{\"@type\":\"PropertyValueSpecification\",\"valueRequired\":true,\"valueName\":\"search_term_string\"}}],\"inLanguage\":\"eu\"},{\"@type\":\"Organization\",\"@id\":\"https:\\\/\\\/bmf-fvm.org\\\/#organization\",\"name\":\"Federaci\u00f3n Vizca\u00edna de Monta\u00f1a\",\"url\":\"https:\\\/\\\/bmf-fvm.org\\\/\",\"logo\":{\"@type\":\"ImageObject\",\"inLanguage\":\"eu\",\"@id\":\"https:\\\/\\\/bmf-fvm.org\\\/#\\\/schema\\\/logo\\\/image\\\/\",\"url\":\"https:\\\/\\\/bmf-fvm.org\\\/wp-content\\\/uploads\\\/2022\\\/03\\\/bmf-logo-trans.png\",\"contentUrl\":\"https:\\\/\\\/bmf-fvm.org\\\/wp-content\\\/uploads\\\/2022\\\/03\\\/bmf-logo-trans.png\",\"width\":41,\"height\":61,\"caption\":\"Federaci\u00f3n Vizca\u00edna de Monta\u00f1a\"},\"image\":{\"@id\":\"https:\\\/\\\/bmf-fvm.org\\\/#\\\/schema\\\/logo\\\/image\\\/\"},\"sameAs\":[\"https:\\\/\\\/facebook.com\\\/pages\\\/Bmf-Fvm\\\/597553177057267\"]}]}<\/script>\n<!-- \/ Yoast SEO plugin. -->","yoast_head_json":{"title":"Xendazaletasun Ligaren parte hartzea - Bizkaiko Mendizale Federazioa","robots":{"index":"index","follow":"follow","max-snippet":"max-snippet:-1","max-image-preview":"max-image-preview:large","max-video-preview":"max-video-preview:-1"},"canonical":"https:\/\/bmf-fvm.org\/eu\/bizkaiko-xendazaletasun-liga\/parte-hartzea\/","og_locale":"en_US","og_type":"article","og_title":"Xendazaletasun Ligaren parte hartzea - Bizkaiko Mendizale Federazioa","og_description":"[vc_row][vc_column width=&#8221;2\/3&#8243;][vc_column_text css=&#8221;&#8221;]Atal honetan ikusi ahal izango duzu zein irteeratan parte hartu duzun, bai FVMko Mendi-ibilien Ligan, bai BBK Mendi&hellip;","og_url":"https:\/\/bmf-fvm.org\/eu\/bizkaiko-xendazaletasun-liga\/parte-hartzea\/","og_site_name":"Bizkaiko Mendizale Federazioa","article_publisher":"https:\/\/facebook.com\/pages\/Bmf-Fvm\/597553177057267","article_modified_time":"2024-09-16T19:01:20+00:00","og_image":[{"width":200,"height":200,"url":"https:\/\/bmf-fvm.org\/wp-content\/uploads\/2022\/04\/bmf-fb-logo.jpg","type":"image\/jpeg"}],"twitter_card":"summary_large_image","schema":{"@context":"https:\/\/schema.org","@graph":[{"@type":"WebPage","@id":"https:\/\/bmf-fvm.org\/eu\/bizkaiko-xendazaletasun-liga\/parte-hartzea\/","url":"https:\/\/bmf-fvm.org\/eu\/bizkaiko-xendazaletasun-liga\/parte-hartzea\/","name":"Xendazaletasun Ligaren parte hartzea - Bizkaiko Mendizale Federazioa","isPartOf":{"@id":"https:\/\/bmf-fvm.org\/#website"},"datePublished":"2019-02-25T19:05:45+00:00","dateModified":"2024-09-16T19:01:20+00:00","breadcrumb":{"@id":"https:\/\/bmf-fvm.org\/eu\/bizkaiko-xendazaletasun-liga\/parte-hartzea\/#breadcrumb"},"inLanguage":"eu","potentialAction":[{"@type":"ReadAction","target":["https:\/\/bmf-fvm.org\/eu\/bizkaiko-xendazaletasun-liga\/parte-hartzea\/"]}]},{"@type":"BreadcrumbList","@id":"https:\/\/bmf-fvm.org\/eu\/bizkaiko-xendazaletasun-liga\/parte-hartzea\/#breadcrumb","itemListElement":[{"@type":"ListItem","position":1,"name":"Portada","item":"https:\/\/bmf-fvm.org\/eu\/"},{"@type":"ListItem","position":2,"name":"Bizkaiko Xendazaletasun Liga","item":"https:\/\/bmf-fvm.org\/eu\/bizkaiko-xendazaletasun-liga\/"},{"@type":"ListItem","position":3,"name":"Xendazaletasun Ligaren parte hartzea"}]},{"@type":"WebSite","@id":"https:\/\/bmf-fvm.org\/#website","url":"https:\/\/bmf-fvm.org\/","name":"Bizkaiko Mendizale Federazioa","description":"Bizkaiko Mendizale Federazioa","publisher":{"@id":"https:\/\/bmf-fvm.org\/#organization"},"potentialAction":[{"@type":"SearchAction","target":{"@type":"EntryPoint","urlTemplate":"https:\/\/bmf-fvm.org\/?s={search_term_string}"},"query-input":{"@type":"PropertyValueSpecification","valueRequired":true,"valueName":"search_term_string"}}],"inLanguage":"eu"},{"@type":"Organization","@id":"https:\/\/bmf-fvm.org\/#organization","name":"Federaci\u00f3n Vizca\u00edna de Monta\u00f1a","url":"https:\/\/bmf-fvm.org\/","logo":{"@type":"ImageObject","inLanguage":"eu","@id":"https:\/\/bmf-fvm.org\/#\/schema\/logo\/image\/","url":"https:\/\/bmf-fvm.org\/wp-content\/uploads\/2022\/03\/bmf-logo-trans.png","contentUrl":"https:\/\/bmf-fvm.org\/wp-content\/uploads\/2022\/03\/bmf-logo-trans.png","width":41,"height":61,"caption":"Federaci\u00f3n Vizca\u00edna de Monta\u00f1a"},"image":{"@id":"https:\/\/bmf-fvm.org\/#\/schema\/logo\/image\/"},"sameAs":["https:\/\/facebook.com\/pages\/Bmf-Fvm\/597553177057267"]}]}},"_links":{"self":[{"href":"https:\/\/bmf-fvm.org\/eu\/wp-json\/wp\/v2\/pages\/80437","targetHints":{"allow":["GET"]}}],"collection":[{"href":"https:\/\/bmf-fvm.org\/eu\/wp-json\/wp\/v2\/pages"}],"about":[{"href":"https:\/\/bmf-fvm.org\/eu\/wp-json\/wp\/v2\/types\/page"}],"author":[{"embeddable":true,"href":"https:\/\/bmf-fvm.org\/eu\/wp-json\/wp\/v2\/users\/1"}],"replies":[{"embeddable":true,"href":"https:\/\/bmf-fvm.org\/eu\/wp-json\/wp\/v2\/comments?post=80437"}],"version-history":[{"count":0,"href":"https:\/\/bmf-fvm.org\/eu\/wp-json\/wp\/v2\/pages\/80437\/revisions"}],"up":[{"embeddable":true,"href":"https:\/\/bmf-fvm.org\/eu\/wp-json\/wp\/v2\/pages\/80421"}],"wp:attachment":[{"href":"https:\/\/bmf-fvm.org\/eu\/wp-json\/wp\/v2\/media?parent=80437"}],"curies":[{"name":"wp","href":"https:\/\/api.w.org\/{rel}","templated":true}]}}