{"id":72030,"date":"2017-09-18T12:51:53","date_gmt":"2017-09-18T10:51:53","guid":{"rendered":"https:\/\/bmf-fvm.org\/?page_id=72030"},"modified":"2026-04-13T11:17:39","modified_gmt":"2026-04-13T09:17:39","slug":"inicio","status":"publish","type":"page","link":"https:\/\/bmf-fvm.org\/eu\/","title":{"rendered":"Inicio"},"content":{"rendered":"<div class=\"wpb-content-wrapper\"><p>[vc_row full_width=&#8221;stretch_row_content_no_spaces&#8221; css=&#8221;.vc_custom_1773234758495{margin-bottom: 35px !important;}&#8221;][vc_column]\n\t\t\t\t<p class=\"rs-p-wp-fix\"><\/p>\n\t\t\t\t<sr7-module data-alias=\"home-2-1\" data-id=\"6\" id=\"SR7_6_1\" class=\"rs-ov-hidden\" data-version=\"6.7.52\">\n\t\t\t\t\t<sr7-adjuster><\/sr7-adjuster>\n\t\t\t\t\t<sr7-content>\n\t\t\t\t\t\t<sr7-slide id=\"SR7_6_1-26\" data-key=\"26\">\n\t\t\t\t\t\t\t<sr7-bg id=\"SR7_6_1-26-3\" class=\"sr7-layer\"><noscript><img decoding=\"async\" src=\"https:\/\/bmf-fvm.org\/wp-content\/uploads\/2022\/03\/gente-bosque.jpg\" alt=\"\" title=\"gente bosque\"><\/noscript><\/sr7-bg>\n\t\t\t\t\t\t\t<sr7-txt id=\"SR7_6_1-26-2\" class=\"sr7-layer\">Bizkaiko Mendizale Federazioa<\/sr7-txt>\n\t\t\t\t\t\t<\/sr7-slide>\n\t\t\t\t\t\t<sr7-slide id=\"SR7_6_1-27\" data-key=\"27\">\n\t\t\t\t\t\t\t<sr7-bg id=\"SR7_6_1-27-7\" class=\"sr7-layer\"><noscript><img decoding=\"async\" src=\"https:\/\/bmf-fvm.org\/wp-content\/uploads\/2023\/05\/IMG_20181204_131333-scaled.jpg\" alt=\"\" title=\"sdr\"><\/noscript><\/sr7-bg>\n\t\t\t\t\t\t\t<sr7-txt id=\"SR7_6_1-27-3\" class=\"sr7-layer\">Xendazaletasun Liga<\/sr7-txt>\n\t\t\t\t\t\t\t<sr7-txt id=\"SR7_6_1-27-6\" class=\"sr7-layer\">Izena eman Xendazaletasun Ligan eta gozatu naturaz gurekin<\/sr7-txt>\n\t\t\t\t\t\t<\/sr7-slide>\n\t\t\t\t\t\t<sr7-slide id=\"SR7_6_1-28\" data-key=\"28\">\n\t\t\t\t\t\t\t<sr7-bg id=\"SR7_6_1-28-7\" class=\"sr7-layer\"><noscript><img decoding=\"async\" src=\"https:\/\/bmf-fvm.org\/wp-content\/uploads\/2021\/07\/escalada.jpg\" alt=\"\" title=\"escalada\"><\/noscript><\/sr7-bg>\n\t\t\t\t\t\t\t<sr7-txt id=\"SR7_6_1-28-3\" class=\"sr7-layer\">Goi mendiko ikastaroak<\/sr7-txt>\n\t\t\t\t\t\t\t<sr7-txt id=\"SR7_6_1-28-6\" class=\"sr7-layer\">Goi Mendiko ikastaro asko antolatzen ditugu<\/sr7-txt>\n\t\t\t\t\t\t<\/sr7-slide>\n\t\t\t\t\t\t<sr7-slide id=\"SR7_6_1-41\" data-key=\"41\">\n\t\t\t\t\t\t\t<sr7-bg id=\"SR7_6_1-41-7\" class=\"sr7-layer\"><noscript><img decoding=\"async\" src=\"https:\/\/bmf-fvm.org\/wp-content\/uploads\/2025\/06\/slider-chica-escalada.jpg\" alt=\"\" title=\"slider chica escalada\"><\/noscript><\/sr7-bg>\n\t\t\t\t\t\t\t<a id=\"SR7_6_1-41-0\" class=\"sr7-layer\" href=\"\/eu\/eskola-kirola\/\" target=\"_self\">Ikusi jarduerak<\/a>\n\t\t\t\t\t\t\t<sr7-txt id=\"SR7_6_1-41-3\" class=\"sr7-layer\">Eskola kirola<\/sr7-txt>\n\t\t\t\t\t\t\t<sr7-txt id=\"SR7_6_1-41-6\" class=\"sr7-layer\">Sartu gazteentzako kirol-jardueretan<\/sr7-txt>\n\t\t\t\t\t\t<\/sr7-slide>\n\t\t\t\t\t\t<sr7-slide id=\"SR7_6_1-43\" data-key=\"43\">\n\t\t\t\t\t\t\t<sr7-bg id=\"SR7_6_1-43-7\" class=\"sr7-layer\"><noscript><img decoding=\"async\" src=\"https:\/\/bmf-fvm.org\/wp-content\/uploads\/2025\/07\/slider-gr123.jpg\" alt=\"\" title=\"slider gr123\"><\/noscript><\/sr7-bg>\n\t\t\t\t\t\t\t<a id=\"SR7_6_1-43-0\" class=\"sr7-layer\" href=\"\/eu\/ibilbideak\/\" target=\"_self\">Ikusi ibilbideak<\/a>\n\t\t\t\t\t\t\t<sr7-txt id=\"SR7_6_1-43-3\" class=\"sr7-layer\">Ibilbideak<\/sr7-txt>\n\t\t\t\t\t\t\t<sr7-txt id=\"SR7_6_1-43-6\" class=\"sr7-layer\">Bizkaiko PR eta GR bidezidorrei buruzko informazio guztia<\/sr7-txt>\n\t\t\t\t\t\t<\/sr7-slide>\n\t\t\t\t\t\t<sr7-slide id=\"SR7_6_1-23\" data-key=\"23\">\n\t\t\t\t\t\t<\/sr7-slide>\n\t\t\t\t\t<\/sr7-content>\n\t\t\t\t\t<image_lists style=\"display:none\">\n\t\t\t\t\t\t<img data-src=\"\/\/bmf-fvm.org\/wp-content\/uploads\/2023\/05\/IMG_20181204_131333-scaled.jpg\" data-libid=\"100092\" data-lib=\"medialibrary\" title=\"sdr\" width=\"0\" height=\"0\" data-dbsrc=\"Ly9ibWYtZnZtLm9yZy93cC1jb250ZW50L3VwbG9hZHMvMjAyMy8wNS9JTUdfMjAxODEyMDRfMTMxMzMzLXNjYWxlZC5qcGc=\"\/>\n\t\t\t\t\t\t<img data-src=\"\/\/bmf-fvm.org\/wp-content\/uploads\/2021\/07\/escalada.jpg\" data-libid=\"2232\" data-lib=\"medialibrary\" title=\"escalada\" width=\"0\" height=\"0\" data-dbsrc=\"Ly9ibWYtZnZtLm9yZy93cC1jb250ZW50L3VwbG9hZHMvMjAyMS8wNy9lc2NhbGFkYS5qcGc=\"\/>\n\t\t\t\t\t\t<img data-src=\"\/\/bmf-fvm.org\/wp-content\/uploads\/2022\/03\/gente-bosque.jpg\" data-libid=\"83636\" data-lib=\"medialibrary\" title=\"gente bosque\" width=\"0\" height=\"0\" data-dbsrc=\"Ly9ibWYtZnZtLm9yZy93cC1jb250ZW50L3VwbG9hZHMvMjAyMi8wMy9nZW50ZS1ib3NxdWUuanBn\"\/>\n\t\t\t\t\t\t<img data-src=\"\/\/bmf-fvm.org\/wp-content\/uploads\/2025\/06\/slider-chica-escalada.jpg\" data-libid=\"118364\" data-lib=\"medialibrary\" title=\"slider chica escalada\" width=\"0\" height=\"0\" data-dbsrc=\"Ly9ibWYtZnZtLm9yZy93cC1jb250ZW50L3VwbG9hZHMvMjAyNS8wNi9zbGlkZXItY2hpY2EtZXNjYWxhZGEuanBn\"\/>\n\t\t\t\t\t\t<img data-src=\"\/\/bmf-fvm.org\/wp-content\/uploads\/2025\/07\/slider-gr123-2.jpg\" data-libid=\"118371\" data-lib=\"medialibrary\" title=\"slider gr123\" width=\"0\" height=\"0\" data-dbsrc=\"Ly9ibWYtZnZtLm9yZy93cC1jb250ZW50L3VwbG9hZHMvMjAyNS8wNy9zbGlkZXItZ3IxMjMtMi5qcGc=\"\/>\n\t\t\t\t\t\t<img data-src=\"\/\/bmf-fvm.org\/wp-content\/uploads\/2025\/07\/slider-gr123.jpg\" data-libid=\"118367\" data-lib=\"medialibrary\" title=\"slider gr123\" width=\"0\" height=\"0\" data-dbsrc=\"Ly9ibWYtZnZtLm9yZy93cC1jb250ZW50L3VwbG9hZHMvMjAyNS8wNy9zbGlkZXItZ3IxMjMuanBn\"\/>\n\t\t\t\t\t<\/image_lists>\n\t\t\t\t<\/sr7-module>\n\t\t\t\t<script>\n\t\t\t\t\twindow.SR7 ??={};SR7.PMH ??={}; SR7.PMH[\"SR7_6_1\"] = {cn:100,state:false,fn: function() { if (window._tpt!==undefined && window._tpt.prepareModuleHeight !== undefined) {  _tpt.prepareModuleHeight({id:\"SR7_6_1\",el:[300,300,500,960,350],type:'standard',shdw:'0',gh:[300,300,500,960,350],gw:[1140,1140,1024,778,680],vpt:['-200px&#039;,&#039;-200px&#039;,&#039;-200px&#039;,&#039;-200px&#039;,&#039;-200px'],size:{fullWidth:true, fullHeight:false},mh:'0',onh:0,onw:0,bg:{color:'{\"type\":\"solid\",\"orig\":\"#000000\",\"string\":\"rgba(0, 0, 0, 1)\"}'},plType:'2',plColor:'#FFFFFF'});   SR7.PMH[\"SR7_6_1\"].state=true;} else if(SR7.PMH[\"SR7_6_1\"].cn-->0)\tsetTimeout( SR7.PMH[\"SR7_6_1\"].fn,19);}};SR7.PMH[\"SR7_6_1\" ].fn();\n\t\t\t\t<\/script>\n[\/vc_column][\/vc_row][vc_row full_width=&#8221;stretch_row&#8221; disable_element=&#8221;yes&#8221; css=&#8221;.vc_custom_1773234500119{background-position: center !important;background-repeat: no-repeat !important;background-size: cover !important;}&#8221;][vc_column width=&#8221;1\/2&#8243;]<div id=\"ultib3-227467055869ef50e2b572d\" class=\" ultb3-box ult-adjust-bottom-margin texto-banner-shadow \" style=\"background-color: #aead87;\"><img decoding=\"async\" src=\"https:\/\/bmf-fvm.org\/wp-content\/uploads\/2024\/04\/bbk-banner-1.jpg\" style=\"\" class=\"ultb3-img ultb3-img-center-right\" alt=\"null\"\/><div id=\"Info-banner-wrap7457\" class=\"ultb3-info ib3-info-left\" data-animation=\"fadeIn\" data-animation-delay=\"03\"><div class=\"ultb3-title ult-responsive\"  data-ultimate-target='#Info-banner-wrap7457 .ultb3-title'  data-responsive-json-new='{\"font-size\":\"desktop:33px;\",\"line-height\":\"\"}'  style=\"font-weight:normal;color:#ffffff;\">BBK Mendi Martxak<\/div><div class=\"ultb3-desc ult-responsive\"  data-ultimate-target='#Info-banner-wrap7457 .ultb3-desc'  data-responsive-json-new='{\"font-size\":\"\",\"line-height\":\"\"}'  style=\"font-weight:normal;color:#ffffff;\">BBK Mendi Martxak '26i buruzko informazio guztia<\/div><a href=\"https:\/\/bmf-fvm.org\/eu\/bbk-mendi-martxak\/\"  class=\"ultb3-btn ult-responsive\"  data-ultimate-target='#Info-banner-wrap7457 .ultb3-btn'  data-responsive-json-new='{\"font-size\":\"desktop:17px;\",\"line-height\":\"\"}'  style=\"font-weight:normal;\">Ikusi<i class=\"Defaults-angle-right\"><\/i><\/a><\/div><\/div><style>\n\t\t\t\t\t#ultib3-227467055869ef50e2b572d {\n\t\t\t\t\t\tmin-height:100px;\n\t\t\t\t\t}\n\t\t\t\t\t#ultib3-227467055869ef50e2b572d img.ultb3-img {\n\t\t\t\t\t\theight: px;\n\t\t\t\t\t}\n\t\t\t\t\t#ultib3-227467055869ef50e2b572d .ultb3-btn {\n\t\t\t\t\t\tborder:2px solid #475256;border-radius:50px;color:#ffffff;\n\t\t\t\t\t}\n\t\t\t\t\t#ultib3-227467055869ef50e2b572d .ultb3-btn:hover {\n\t\t\t\t\t\tbackground:#475256;color:#ffffff;\n\t\t\t\t\t}\n\t\t\t\t\t#ultib3-227467055869ef50e2b572d .ultb3-btn:focus {\n\t\t\t\t\t\toutline: 2px solid #005fcc;\n\t\t\t\t\t\toutline-offset: 2px;\n\t\t\t\t\t}\n\t\t\t\t<\/style>[\/vc_column][vc_column width=&#8221;1\/2&#8243;]<div id=\"ultib3-318560652769ef50e2b5a14\" class=\" ultb3-box ult-adjust-bottom-margin texto-banner-shadow \" style=\"background-color: #202020;\"><img decoding=\"async\" src=\"https:\/\/bmf-fvm.org\/wp-content\/uploads\/2024\/04\/liga-bmf-banner.jpg\" style=\"\" class=\"ultb3-img ultb3-img-center-right\" alt=\"null\"\/><div id=\"Info-banner-wrap1328\" class=\"ultb3-info ib3-info-left\" data-animation=\"fadeIn\" data-animation-delay=\"03\"><div class=\"ultb3-title ult-responsive\"  data-ultimate-target='#Info-banner-wrap1328 .ultb3-title'  data-responsive-json-new='{\"font-size\":\"desktop:29px;\",\"line-height\":\"\"}'  style=\"font-weight:normal;color:#ffffff;\">Bizkaiko Xendazaletasun Liga<\/div><div class=\"ultb3-desc ult-responsive\"  data-ultimate-target='#Info-banner-wrap1328 .ultb3-desc'  data-responsive-json-new='{\"font-size\":\"\",\"line-height\":\"\"}'  style=\"font-weight:normal;color:#ffffff;\">Bizkaiko IX. Xendazaletasun Ligaren informazio guztia<\/div><a href=\"https:\/\/bmf-fvm.org\/eu\/bizkaiko-xendazaletasun-liga\/\"  class=\"ultb3-btn ult-responsive\"  data-ultimate-target='#Info-banner-wrap1328 .ultb3-btn'  data-responsive-json-new='{\"font-size\":\"desktop:17px;\",\"line-height\":\"\"}'  style=\"font-weight:normal;\">Ikusi<i class=\"Defaults-angle-right\"><\/i><\/a><\/div><\/div><style>\n\t\t\t\t\t#ultib3-318560652769ef50e2b5a14 {\n\t\t\t\t\t\tmin-height:100px;\n\t\t\t\t\t}\n\t\t\t\t\t#ultib3-318560652769ef50e2b5a14 img.ultb3-img {\n\t\t\t\t\t\theight: px;\n\t\t\t\t\t}\n\t\t\t\t\t#ultib3-318560652769ef50e2b5a14 .ultb3-btn {\n\t\t\t\t\t\tborder:2px solid #aead87;border-radius:50px;color:#ffffff;\n\t\t\t\t\t}\n\t\t\t\t\t#ultib3-318560652769ef50e2b5a14 .ultb3-btn:hover {\n\t\t\t\t\t\tbackground:#aead87;color:#ffffff;\n\t\t\t\t\t}\n\t\t\t\t\t#ultib3-318560652769ef50e2b5a14 .ultb3-btn:focus {\n\t\t\t\t\t\toutline: 2px solid #005fcc;\n\t\t\t\t\t\toutline-offset: 2px;\n\t\t\t\t\t}\n\t\t\t\t<\/style>[\/vc_column][\/vc_row][vc_row disable_element=&#8221;yes&#8221; bg_type=&#8221;image&#8221; parallax_style=&#8221;vcpb-vz-jquery&#8221; bg_image_new=&#8221;id^118314|url^https:\/\/bmf-fvm.org\/wp-content\/uploads\/2025\/06\/banner-refugio-gorbeia-1.jpg|caption^null|alt^null|title^banner refugio gorbeia|description^null&#8221; bg_image_repeat=&#8221;no-repeat&#8221; css=&#8221;.vc_custom_1773234506917{margin-bottom: 35px !important;padding-top: 35px !important;padding-bottom: 35px !important;background-position: center !important;background-repeat: no-repeat !important;background-size: cover !important;}&#8221;][vc_column][vc_column_text css=&#8221;&#8221; el_class=&#8221;texto-slider-sombra texto-banner-blanco-grande&#8221;]<\/p>\n<h2 style=\"text-align: center;\"><a href=\"https:\/\/gorbeiakoaterpea.eus\">GORBEIAKO ATERPEA<\/a><\/h2>\n<p>[\/vc_column_text][\/vc_column][\/vc_row][vc_row gap=&#8221;35&#8243; css=&#8221;.vc_custom_1773210320188{margin-bottom: 35px !important;}&#8221;][vc_column width=&#8221;1\/2&#8243; css=&#8221;.vc_custom_1773234210189{padding-bottom: 0px !important;}&#8221;]<div id=\"ultib3-21168429169ef50e2b5b3e\" class=\" ultb3-box ult-adjust-bottom-margin texto-banner-shadow \" style=\"background-color: #aead87;\"><img decoding=\"async\" src=\"https:\/\/bmf-fvm.org\/wp-content\/uploads\/2024\/04\/bbk-banner-1.jpg\" style=\"\" class=\"ultb3-img ultb3-img-center-right\" alt=\"null\"\/><div id=\"Info-banner-wrap8144\" class=\"ultb3-info ib3-info-left\" data-animation=\"fadeIn\" data-animation-delay=\"03\"><div class=\"ultb3-title ult-responsive\"  data-ultimate-target='#Info-banner-wrap8144 .ultb3-title'  data-responsive-json-new='{\"font-size\":\"desktop:33px;\",\"line-height\":\"\"}'  style=\"font-weight:normal;color:#ffffff;\">BBK Mendi Martxak<\/div><div class=\"ultb3-desc ult-responsive\"  data-ultimate-target='#Info-banner-wrap8144 .ultb3-desc'  data-responsive-json-new='{\"font-size\":\"\",\"line-height\":\"\"}'  style=\"font-weight:normal;color:#ffffff;\">BBK Mendi Martxak '26i buruzko informazio guztia<\/div><a href=\"https:\/\/bmf-fvm.org\/eu\/bbk-mendi-martxak\/\"  class=\"ultb3-btn ult-responsive\"  data-ultimate-target='#Info-banner-wrap8144 .ultb3-btn'  data-responsive-json-new='{\"font-size\":\"desktop:17px;\",\"line-height\":\"\"}'  style=\"font-weight:normal;\">Ikusi<i class=\"Defaults-angle-right\"><\/i><\/a><\/div><\/div><style>\n\t\t\t\t\t#ultib3-21168429169ef50e2b5b3e {\n\t\t\t\t\t\tmin-height:100px;\n\t\t\t\t\t}\n\t\t\t\t\t#ultib3-21168429169ef50e2b5b3e img.ultb3-img {\n\t\t\t\t\t\theight: px;\n\t\t\t\t\t}\n\t\t\t\t\t#ultib3-21168429169ef50e2b5b3e .ultb3-btn {\n\t\t\t\t\t\tborder:2px solid #475256;border-radius:50px;color:#ffffff;\n\t\t\t\t\t}\n\t\t\t\t\t#ultib3-21168429169ef50e2b5b3e .ultb3-btn:hover {\n\t\t\t\t\t\tbackground:#475256;color:#ffffff;\n\t\t\t\t\t}\n\t\t\t\t\t#ultib3-21168429169ef50e2b5b3e .ultb3-btn:focus {\n\t\t\t\t\t\toutline: 2px solid #005fcc;\n\t\t\t\t\t\toutline-offset: 2px;\n\t\t\t\t\t}\n\t\t\t\t<\/style><div id=\"ultib3-41022023969ef50e2b5c40\" class=\" ultb3-box ult-adjust-bottom-margin texto-banner-shadow \" style=\"background-color: #202020;\"><img decoding=\"async\" src=\"https:\/\/bmf-fvm.org\/wp-content\/uploads\/2024\/04\/liga-bmf-banner.jpg\" style=\"\" class=\"ultb3-img ultb3-img-center-right\" alt=\"null\"\/><div id=\"Info-banner-wrap8428\" class=\"ultb3-info ib3-info-left\" data-animation=\"fadeIn\" data-animation-delay=\"03\"><div class=\"ultb3-title ult-responsive\"  data-ultimate-target='#Info-banner-wrap8428 .ultb3-title'  data-responsive-json-new='{\"font-size\":\"desktop:29px;\",\"line-height\":\"\"}'  style=\"font-weight:normal;color:#ffffff;\">Bizkaiko Xendazaletasun Liga<\/div><div class=\"ultb3-desc ult-responsive\"  data-ultimate-target='#Info-banner-wrap8428 .ultb3-desc'  data-responsive-json-new='{\"font-size\":\"\",\"line-height\":\"\"}'  style=\"font-weight:normal;color:#ffffff;\">Bizkaiko IX. Xendazaletasun Ligaren informazio guztia<\/div><a href=\"https:\/\/bmf-fvm.org\/eu\/bizkaiko-xendazaletasun-liga\/\"  class=\"ultb3-btn ult-responsive\"  data-ultimate-target='#Info-banner-wrap8428 .ultb3-btn'  data-responsive-json-new='{\"font-size\":\"desktop:17px;\",\"line-height\":\"\"}'  style=\"font-weight:normal;\">Ikusi<i class=\"Defaults-angle-right\"><\/i><\/a><\/div><\/div><style>\n\t\t\t\t\t#ultib3-41022023969ef50e2b5c40 {\n\t\t\t\t\t\tmin-height:100px;\n\t\t\t\t\t}\n\t\t\t\t\t#ultib3-41022023969ef50e2b5c40 img.ultb3-img {\n\t\t\t\t\t\theight: px;\n\t\t\t\t\t}\n\t\t\t\t\t#ultib3-41022023969ef50e2b5c40 .ultb3-btn {\n\t\t\t\t\t\tborder:2px solid #aead87;border-radius:50px;color:#ffffff;\n\t\t\t\t\t}\n\t\t\t\t\t#ultib3-41022023969ef50e2b5c40 .ultb3-btn:hover {\n\t\t\t\t\t\tbackground:#aead87;color:#ffffff;\n\t\t\t\t\t}\n\t\t\t\t\t#ultib3-41022023969ef50e2b5c40 .ultb3-btn:focus {\n\t\t\t\t\t\toutline: 2px solid #005fcc;\n\t\t\t\t\t\toutline-offset: 2px;\n\t\t\t\t\t}\n\t\t\t\t<\/style>[vc_column_text css=&#8221;.vc_custom_1773236044668{padding-top: 35px !important;padding-bottom: 35px !important;background-image: url(https:\/\/bmf-fvm.org\/wp-content\/uploads\/2025\/06\/banner-refugio-gorbeia-1.jpg?id=118315) !important;background-position: center !important;background-repeat: no-repeat !important;background-size: cover !important;}&#8221; el_class=&#8221;texto-slider-sombra texto-banner-blanco-grande&#8221;]<\/p>\n<h2 style=\"text-align: center;\"><a href=\"https:\/\/gorbeiakoaterpea.eus\">GORBEIAKO ATERPEA<\/a><\/h2>\n<p>[\/vc_column_text][\/vc_column][vc_column width=&#8221;1\/2&#8243; css=&#8221;.vc_custom_1773232866860{padding-top: 20px !important;padding-right: 20px !important;padding-bottom: 20px !important;padding-left: 20px !important;background-color: #F4F4F4 !important;border-radius: 5px !important;}&#8221;]<div id=\"ultimate-heading-216169ef50e2b5cbe\" class=\"uvc-heading ult-adjust-bottom-margin ultimate-heading-216169ef50e2b5cbe uvc-7838 \" data-hspacer=\"no_spacer\"  data-halign=\"left\" style=\"text-align:left\"><div class=\"uvc-heading-spacer no_spacer\" style=\"top\"><\/div><div class=\"uvc-main-heading ult-responsive\"  data-ultimate-target='.uvc-heading.ultimate-heading-216169ef50e2b5cbe h2'  data-responsive-json-new='{\"font-size\":\"\",\"line-height\":\"\"}' ><h2 style=\"font-weight:normal;margin-bottom:20px;\">Hurrengo ekitaldiak<\/h2><\/div><\/div>[vc_row_inner content_placement=&#8221;middle&#8221; gap=&#8221;20&#8243; css=&#8221;.vc_custom_1773232947727{padding-right: 20px !important;padding-left: 20px !important;}&#8221;][vc_column_inner width=&#8221;1\/2&#8243; css=&#8221;.vc_custom_1773232839034{margin-bottom: 20px !important;padding-top: 20px !important;padding-right: 20px !important;padding-bottom: 20px !important;padding-left: 20px !important;background-color: #FFFFFF !important;}&#8221;][vc_single_image image=&#8221;124136&#8243; img_size=&#8221;imagen-banner-txiki&#8221; onclick=&#8221;custom_link&#8221; css=&#8221;.vc_custom_1773233457100{margin-bottom: 20px !important;border-radius: 5px !important;}&#8221; link=&#8221;https:\/\/bmf-fvm.org\/mujer-y-montana\/mujeres-en-las-cimas\/&#8221;][vc_column_text css=&#8221;.vc_custom_1773234682624{margin-bottom: 0px !important;}&#8221;]<\/p>\n<h3><a href=\"https:\/\/bmf-fvm.org\/eu\/emakumea-eta-mendia\/emakumeak-gailurretan\/\">Emakumeak gailurretan<\/a><\/h3>\n<p>Maiatzak 16, larunbata.[\/vc_column_text][\/vc_column_inner][vc_column_inner width=&#8221;1\/2&#8243; css=&#8221;.vc_custom_1773232891271{margin-bottom: 20px !important;padding-top: 20px !important;padding-right: 20px !important;padding-bottom: 20px !important;padding-left: 20px !important;background-color: #FFFFFF !important;}&#8221;][vc_single_image image=&#8221;126884&#8243; img_size=&#8221;imagen-banner-txiki&#8221; alignment=&#8221;center&#8221; onclick=&#8221;custom_link&#8221; css=&#8221;.vc_custom_1776071865250{margin-bottom: 20px !important;border-radius: 5px !important;}&#8221; link=&#8221;https:\/\/bmf-fvm.org\/eu\/bbk-mendi-martxak\/san-bernabe-26ko-martxoa\/&#8221;][vc_column_text css=&#8221;.vc_custom_1774861224271{margin-bottom: 0px !important;}&#8221;]<\/p>\n<h3><a href=\"https:\/\/bmf-fvm.org\/eu\/bbk-mendi-martxak\/san-bernabe-26ko-martxoa\/\">BBK &#8211; SAN BERNABE irteera<\/a><\/h3>\n<p>Apirilaren 19, igandea.[\/vc_column_text][\/vc_column_inner][\/vc_row_inner][\/vc_column][\/vc_row][vc_row full_width=&#8221;stretch_row&#8221; css=&#8221;.vc_custom_1507721393642{background-color: #eeeeee !important;background-position: center !important;background-repeat: no-repeat !important;background-size: cover !important;}&#8221;][vc_column][vc_row_inner][vc_column_inner width=&#8221;1\/3&#8243;][vc_icon type=&#8221;fontawesome&#8221; icon_fontawesome=&#8221;fas fa-user-plus&#8221; color=&#8221;white&#8221; background_style=&#8221;rounded&#8221; background_color=&#8221;purple&#8221; align=&#8221;center&#8221; link=&#8221;url:https%3A%2F%2Fbmf-fvm.org%2Feu%2Ffederazioa%2F%23nola-federatu|title:Nola%20federatu&#8221;][vc_custom_heading text=&#8221;NOLA FEDERATU&#8221; font_container=&#8221;tag:h4|text_align:center|color:%233a3a3a&#8221; use_theme_fonts=&#8221;yes&#8221; css=&#8221;&#8221; link=&#8221;url:https%3A%2F%2Fbmf-fvm.org%2Feu%2Ffederazioa%2F%23nola-federatu|title:Nola%20federatu&#8221;][vc_column_text 0=&#8221;&#8221;]<\/p>\n<p style=\"text-align: center;\">Federatzeko informazio guztia<\/p>\n<p>[\/vc_column_text][\/vc_column_inner][vc_column_inner width=&#8221;1\/3&#8243;][vc_icon type=&#8221;fontawesome&#8221; icon_fontawesome=&#8221;fas fa-hiking&#8221; color=&#8221;white&#8221; background_style=&#8221;rounded&#8221; background_color=&#8221;purple&#8221; align=&#8221;center&#8221; link=&#8221;url:https%3A%2F%2Fbmf-fvm.org%2Feu%2Ffedera-zaitez|title:Federa%20zaitez&#8221;][vc_custom_heading text=&#8221;FEDERATZEKO 10 ARRAZOI&#8221; font_container=&#8221;tag:h4|text_align:center|color:%233a3a3a&#8221; use_theme_fonts=&#8221;yes&#8221; css=&#8221;&#8221; link=&#8221;url:https%3A%2F%2Fbmf-fvm.org%2Feu%2Ffedera-zaitez|title:Federa%20zaitez&#8221;][vc_column_text 0=&#8221;&#8221;]<\/p>\n<p style=\"text-align: center;\">Federatuentzako aseguruari buruzko informazio guztia<\/p>\n<p>[\/vc_column_text][\/vc_column_inner][vc_column_inner width=&#8221;1\/3&#8243;][vc_icon type=&#8221;fontawesome&#8221; icon_fontawesome=&#8221;fas fa-users&#8221; color=&#8221;white&#8221; background_style=&#8221;rounded&#8221; background_color=&#8221;purple&#8221; align=&#8221;center&#8221; link=&#8221;url:https%3A%2F%2Fbmf-fvm.org%2Feu%2Fclubes%2F|title:Mendi%20klubak&#8221;][vc_custom_heading text=&#8221;ELKARTEAK&#8221; font_container=&#8221;tag:h4|text_align:center|color:%233a3a3a&#8221; use_theme_fonts=&#8221;yes&#8221; css=&#8221;&#8221; link=&#8221;url:https%3A%2F%2Fbmf-fvm.org%2Feu%2Fclubes%2F|title:Mendi%20klubak&#8221;][vc_column_text 0=&#8221;&#8221;]<\/p>\n<p style=\"text-align: center;\">Federatu beharreko mendi kluben zerrenda<\/p>\n<p>[\/vc_column_text][\/vc_column_inner][\/vc_row_inner][\/vc_column][\/vc_row][vc_row][vc_column][vc_empty_space][lab_heading title=&#8221;Kirolak&#8221; el_class=&#8221;center-title&#8221;][\/lab_heading]<div id=\"ult-carousel-254400765769ef50e2b5d86\" class=\"ult-carousel-wrapper   ult_horizontal\" data-gutter=\"15\" data-rtl=\"false\" ><div class=\"ult-carousel-226603925669ef50e2b5d5c \" ><div class=\"ult-item-wrap\" data-animation=\"animated no-animation\"><div class=\"ult-content-box-container \" >\t\t<div class=\"ult-content-box\" style=\"box-shadow: px px px px none;border-style:none;border-width:1px;-webkit-transition: all 700ms ease;-moz-transition: all 700ms ease;-ms-transition: all 700ms ease;-o-transition: all 700ms ease;transition: all 700ms ease;\"  data-hover_box_shadow=\"none\"     data-border_color=\"\" >[vc_single_image image=&#8221;67367&#8243; img_size=&#8221;300&#215;200&#8243; alignment=&#8221;center&#8221; onclick=&#8221;custom_link&#8221; css_animation=&#8221;fadeInLeft&#8221; link=&#8221;\/eu\/goimendi-eskola\/&#8221;][vc_custom_heading text=&#8221;GOI MENDI&#8221; font_container=&#8221;tag:h4|font_size:16|text_align:center|color:%233a3a3a&#8221; use_theme_fonts=&#8221;yes&#8221; css_animation=&#8221;fadeInUp&#8221; css=&#8221;.vc_custom_1745313858617{margin-top: 30px !important;margin-bottom: 0px !important;}&#8221; link=&#8221;url:%2Feu%2Fgoimendi-eskola%2F&#8221;]\t\t<\/div><\/div><\/div><div class=\"ult-item-wrap\" data-animation=\"animated no-animation\"><div class=\"ult-content-box-container \" >\t\t<div class=\"ult-content-box\" style=\"box-shadow: px px px px none;border-style:none;border-width:1px;-webkit-transition: all 700ms ease;-moz-transition: all 700ms ease;-ms-transition: all 700ms ease;-o-transition: all 700ms ease;transition: all 700ms ease;\"  data-hover_box_shadow=\"none\"     data-border_color=\"\" >[vc_single_image image=&#8221;2284&#8243; img_size=&#8221;300&#215;200&#8243; alignment=&#8221;center&#8221; onclick=&#8221;custom_link&#8221; css_animation=&#8221;fadeInLeft&#8221; link=&#8221;\/eu\/eskola-kirola\/&#8221;][vc_custom_heading text=&#8221;ESKOLA KIROLA&#8221; font_container=&#8221;tag:h4|font_size:16|text_align:center|color:%233a3a3a&#8221; use_theme_fonts=&#8221;yes&#8221; css_animation=&#8221;fadeInUp&#8221; css=&#8221;.vc_custom_1745313869083{margin-top: 30px !important;margin-bottom: 0px !important;}&#8221; link=&#8221;url:%2Feu%2Feskola-kirola%2F&#8221;]\t\t<\/div><\/div><\/div><div class=\"ult-item-wrap\" data-animation=\"animated no-animation\"><div class=\"ult-content-box-container \" >\t\t<div class=\"ult-content-box\" style=\"box-shadow: px px px px none;border-style:none;border-width:1px;-webkit-transition: all 700ms ease;-moz-transition: all 700ms ease;-ms-transition: all 700ms ease;-o-transition: all 700ms ease;transition: all 700ms ease;\"  data-hover_box_shadow=\"none\"     data-border_color=\"\" >[vc_single_image image=&#8221;2289&#8243; img_size=&#8221;300&#215;200&#8243; alignment=&#8221;center&#8221; onclick=&#8221;custom_link&#8221; css_animation=&#8221;fadeInLeft&#8221; link=&#8221;\/eu\/lasterketak\/&#8221;][vc_custom_heading text=&#8221;MENDI LASTERKETAK&#8221; font_container=&#8221;tag:h4|font_size:16|text_align:center|color:%233a3a3a&#8221; use_theme_fonts=&#8221;yes&#8221; css_animation=&#8221;fadeInUp&#8221; css=&#8221;.vc_custom_1745313883399{margin-top: 30px !important;margin-bottom: 0px !important;}&#8221; link=&#8221;url:%2Feu%2Flasterketak%2F&#8221;]\t\t<\/div><\/div><\/div><div class=\"ult-item-wrap\" data-animation=\"animated no-animation\"><div class=\"ult-content-box-container \" >\t\t<div class=\"ult-content-box\" style=\"box-shadow: px px px px none;border-style:none;border-width:1px;-webkit-transition: all 700ms ease;-moz-transition: all 700ms ease;-ms-transition: all 700ms ease;-o-transition: all 700ms ease;transition: all 700ms ease;\"  data-hover_box_shadow=\"none\"     data-border_color=\"\" >[vc_single_image image=&#8221;92275&#8243; img_size=&#8221;300&#215;200&#8243; alignment=&#8221;center&#8221; onclick=&#8221;custom_link&#8221; css_animation=&#8221;fadeIn&#8221; link=&#8221;\/eu\/goimendi-eskola\/eskalada\/&#8221;][vc_custom_heading text=&#8221;ESKALADA&#8221; font_container=&#8221;tag:h4|font_size:16|text_align:center|color:%233a3a3a&#8221; use_theme_fonts=&#8221;yes&#8221; css_animation=&#8221;fadeInUp&#8221; css=&#8221;.vc_custom_1745313895120{margin-top: 30px !important;margin-bottom: 0px !important;}&#8221; link=&#8221;url:%2Feu%2Fgoimendi-eskola%2Feskalada%2F&#8221;]\t\t<\/div><\/div><\/div><div class=\"ult-item-wrap\" data-animation=\"animated no-animation\"><div class=\"ult-content-box-container \" >\t\t<div class=\"ult-content-box\" style=\"box-shadow: px px px px none;border-style:none;border-width:1px;-webkit-transition: all 700ms ease;-moz-transition: all 700ms ease;-ms-transition: all 700ms ease;-o-transition: all 700ms ease;transition: all 700ms ease;\"  data-hover_box_shadow=\"none\"     data-border_color=\"\" >[vc_single_image image=&#8221;71654&#8243; img_size=&#8221;300&#215;200&#8243; alignment=&#8221;center&#8221; onclick=&#8221;custom_link&#8221; css_animation=&#8221;fadeInRight&#8221; link=&#8221;\/eu\/martxa-nordika\/&#8221;][vc_custom_heading text=&#8221;MARTXA NORDIKA&#8221; font_container=&#8221;tag:h4|font_size:16|text_align:center|color:%233a3a3a&#8221; use_theme_fonts=&#8221;yes&#8221; css_animation=&#8221;fadeInUp&#8221; css=&#8221;.vc_custom_1745313913892{margin-top: 30px !important;margin-bottom: 0px !important;}&#8221; link=&#8221;url:%2Feu%2Fmartxa-nordika%2F&#8221;]\t\t<\/div><\/div><\/div><div class=\"ult-item-wrap\" data-animation=\"animated no-animation\"><div class=\"ult-content-box-container \" >\t\t<div class=\"ult-content-box\" style=\"box-shadow: px px px px none;border-style:none;border-width:1px;-webkit-transition: all 700ms ease;-moz-transition: all 700ms ease;-ms-transition: all 700ms ease;-o-transition: all 700ms ease;transition: all 700ms ease;\"  data-hover_box_shadow=\"none\"     data-border_color=\"\" >[vc_single_image image=&#8221;104724&#8243; img_size=&#8221;300&#215;200&#8243; alignment=&#8221;center&#8221; onclick=&#8221;custom_link&#8221; css_animation=&#8221;fadeInRight&#8221; link=&#8221;\/eu\/eski\/&#8221;][vc_custom_heading text=&#8221;ESKI&#8221; font_container=&#8221;tag:h4|font_size:16|text_align:center|color:%233a3a3a&#8221; use_theme_fonts=&#8221;yes&#8221; css_animation=&#8221;fadeInUp&#8221; css=&#8221;.vc_custom_1745313923206{margin-top: 30px !important;margin-bottom: 0px !important;}&#8221; link=&#8221;url:%2Feu%2Feski%2F&#8221;]\t\t<\/div><\/div><\/div><div class=\"ult-item-wrap\" data-animation=\"animated no-animation\"><div class=\"ult-content-box-container \" >\t\t<div class=\"ult-content-box\" style=\"box-shadow: px px px px none;border-style:none;border-width:1px;-webkit-transition: all 700ms ease;-moz-transition: all 700ms ease;-ms-transition: all 700ms ease;-o-transition: all 700ms ease;transition: all 700ms ease;\"  data-hover_box_shadow=\"none\"     data-border_color=\"\" >[vc_single_image image=&#8221;104788&#8243; img_size=&#8221;300&#215;200&#8243; alignment=&#8221;center&#8221; onclick=&#8221;custom_link&#8221; css_animation=&#8221;fadeInRight&#8221; link=&#8221;\/eu\/bmf-fvm.org\/orientazio\/&#8221;][vc_custom_heading text=&#8221;ORIENTAZIO&#8221; font_container=&#8221;tag:h4|font_size:16|text_align:center|color:%233a3a3a&#8221; use_theme_fonts=&#8221;yes&#8221; css_animation=&#8221;fadeInUp&#8221; css=&#8221;.vc_custom_1745313938189{margin-top: 30px !important;margin-bottom: 0px !important;}&#8221; link=&#8221;url:%2Feu%2Fbmf-fvm.org%2Forientazio%2F&#8221;]\t\t<\/div><\/div><\/div><\/div><\/div>\t\t\t<script type=\"text\/javascript\">\n\t\t\t\tjQuery(document).ready(function ($) {\n\t\t\t\t\tif( typeof jQuery('.ult-carousel-226603925669ef50e2b5d5c').slick == \"function\"){\n\t\t\t\t\t\t$('.ult-carousel-226603925669ef50e2b5d5c').slick({dots: true,autoplay: true,autoplaySpeed: \"5000\",speed: \"300\",infinite: true,arrows: true,nextArrow: '<button type=\"button\" role=\"button\" aria-label=\"Next\" style=\"color:#666666; font-size:20px;background:rgba(255,255,255,0.8);\" class=\"slick-next circle-bg\"><i class=\"ultsl-arrow-right6\"><\/i><\/button>',prevArrow: '<button type=\"button\" role=\"button\" aria-label=\"Previous\" style=\"color:#666666; font-size:20px;background:rgba(255,255,255,0.8);\" class=\"slick-prev circle-bg\"><i class=\"ultsl-arrow-left6\"><\/i><\/button>',slidesToScroll:7,slidesToShow:7,swipe: true,draggable: true,touchMove: true,pauseOnHover: true,pauseOnFocus: false,responsive: [\n\t\t\t\t\t\t\t{\n\t\t\t\t\t\t\t  breakpoint: 1026,\n\t\t\t\t\t\t\t  settings: {\n\t\t\t\t\t\t\t\tslidesToShow: 7,\n\t\t\t\t\t\t\t\tslidesToScroll: 7,  \n\t\t\t\t\t\t\t  }\n\t\t\t\t\t\t\t},\n\t\t\t\t\t\t\t{\n\t\t\t\t\t\t\t  breakpoint: 1025,\n\t\t\t\t\t\t\t  settings: {\n\t\t\t\t\t\t\t\tslidesToShow: 3,\n\t\t\t\t\t\t\t\tslidesToScroll: 3\n\t\t\t\t\t\t\t  }\n\t\t\t\t\t\t\t},\n\t\t\t\t\t\t\t{\n\t\t\t\t\t\t\t  breakpoint: 760,\n\t\t\t\t\t\t\t  settings: {\n\t\t\t\t\t\t\t\tslidesToShow: 2,\n\t\t\t\t\t\t\t\tslidesToScroll: 2\n\t\t\t\t\t\t\t  }\n\t\t\t\t\t\t\t}\n\t\t\t\t\t\t],pauseOnDotsHover: true,customPaging: function(slider, i) {\n                   return '<i type=\"button\" style= \"color:#333333;\" class=\"ultsl-record\" data-role=\"none\"><\/i>';\n                },});\n\t\t\t\t\t}\n\t\t\t\t});\n\t\t\t<\/script>\n\t\t\t[\/vc_column][\/vc_row][vc_row full_width=&#8221;stretch_row&#8221; css=&#8221;.vc_custom_1626435149349{padding-bottom: 35px !important;background-color: #eeeeee !important;}&#8221;][vc_column][lab_heading title=&#8221;Berriak&#8221; el_class=&#8221;center-title&#8221;][\/lab_heading][lab_blog_posts columns=&#8221;4&#8243; blog_posts_options=&#8221;date&#8221; hover_layer_icon=&#8221;static&#8221; more_link=&#8221;url:%23&#8243; blog_query=&#8221;size:4|order_by:date|post_type:post&#8221; css=&#8221;.vc_custom_1668586513364{margin-bottom: 0px !important;}&#8221;][vc_btn title=&#8221;Irakurri albiste guztiak&#8221; size=&#8221;lg&#8221; align=&#8221;right&#8221; i_align=&#8221;right&#8221; i_icon_fontawesome=&#8221;fas fa-angle-right&#8221; add_icon=&#8221;true&#8221; link=&#8221;url:%2Feu%2Fberriak|title:Noticias&#8221;][\/vc_column][\/vc_row][vc_row disable_element=&#8221;yes&#8221; css=&#8221;.vc_custom_1704300624664{padding-top: 35px !important;padding-bottom: 35px !important;}&#8221;][vc_column][lab_heading title=&#8221;Nabarmenak&#8221; el_class=&#8221;center-title&#8221;][\/lab_heading][\/vc_column][vc_column width=&#8221;1\/5&#8243;]\n<div tabindex=\"0\" id=\"interactive-banner-1-wrap-4048\" class=\"ult-banner-block ult-adjust-bottom-margin ult-bb-box ult-banner-block-custom-height banner-style01 \"   style=\"height:214px;\">\n\t<img decoding=\"async\" src=\"https:\/\/bmf-fvm.org\/wp-content\/uploads\/2021\/07\/mujer-y-montana.jpg\" alt=\"null\">\n\t<h3  data-ultimate-target='#interactive-banner-1-wrap-4048 .bb-top-title '  data-responsive-json-new='{\"font-size\":\"\",\"line-height\":\"\"}'  class=\"title-center bb-top-title ult-responsive\" style=\"font-weight:normal;background:#b97ebb;color:#ffffff;\">EMAKUME ETA MENDIA<\/h3>\n\t<div class=\"mask opaque-background\" style=\"background:rgba(185,126,187,0.75);\">\n\t\t<div  data-ultimate-target='#interactive-banner-1-wrap-4048 .bb-description'  data-responsive-json-new='{\"font-size\":\"\",\"line-height\":\"\"}'  class=\"bb-description ult-responsive\" style=\"font-weight:normal;color:#ffffff;\">Emakumea eta Mendiaren informazio guztia<\/div>\n\t<\/div><a class=\"bb-link\" href=\"\/eu\/emakumea-eta-mendia\/\" ><\/a>\n<\/div>[\/vc_column][vc_column width=&#8221;1\/5&#8243;]\n<div tabindex=\"0\" id=\"interactive-banner-1-wrap-6094\" class=\"ult-banner-block ult-adjust-bottom-margin ult-bb-box ult-banner-block-custom-height banner-style01 \"   style=\"height:214px;\">\n\t<img decoding=\"async\" src=\"https:\/\/bmf-fvm.org\/wp-content\/uploads\/2021\/07\/buzon.jpg\" alt=\"null\">\n\t<h3  data-ultimate-target='#interactive-banner-1-wrap-6094 .bb-top-title '  data-responsive-json-new='{\"font-size\":\"\",\"line-height\":\"\"}'  class=\"title-center bb-top-title ult-responsive\" style=\"font-weight:normal;background:#b97ebb;color:#ffffff;\">GUTUNONTZIAK<\/h3>\n\t<div class=\"mask opaque-background\" style=\"background:rgba(185,126,187,0.75);\">\n\t\t<div  data-ultimate-target='#interactive-banner-1-wrap-6094 .bb-description'  data-responsive-json-new='{\"font-size\":\"\",\"line-height\":\"\"}'  class=\"bb-description ult-responsive\" style=\"font-weight:normal;color:#ffffff;\">Mendiko gutuontzien egoera eta kokapena<\/div>\n\t<\/div><a class=\"bb-link\" href=\"\/eu\/buzones\" ><\/a>\n<\/div>[\/vc_column][vc_column width=&#8221;1\/5&#8243;]\n<div tabindex=\"0\" id=\"interactive-banner-1-wrap-2559\" class=\"ult-banner-block ult-adjust-bottom-margin ult-bb-box ult-banner-block-custom-height banner-style01 \"   style=\"height:214px;\">\n\t<img decoding=\"async\" src=\"https:\/\/bmf-fvm.org\/wp-content\/uploads\/2021\/12\/brujula.jpg\" alt=\"null\">\n\t<h3  data-ultimate-target='#interactive-banner-1-wrap-2559 .bb-top-title '  data-responsive-json-new='{\"font-size\":\"\",\"line-height\":\"\"}'  class=\"title-center bb-top-title ult-responsive\" style=\"font-weight:normal;background:#b97ebb;color:#ffffff;\">SEGURTASUNA<\/h3>\n\t<div class=\"mask opaque-background\" style=\"background:rgba(185,126,187,0.75);\">\n\t\t<div  data-ultimate-target='#interactive-banner-1-wrap-2559 .bb-description'  data-responsive-json-new='{\"font-size\":\"\",\"line-height\":\"\"}'  class=\"bb-description ult-responsive\" style=\"font-weight:normal;color:#ffffff;\">Prebentzio eta segurtasunarekin lotutako informazioa<\/div>\n\t<\/div><a class=\"bb-link\" href=\"https:\/\/bmf-fvm.org\/eu\/segurtasuna\/\" ><\/a>\n<\/div>[\/vc_column][vc_column width=&#8221;1\/5&#8243;]\n<div tabindex=\"0\" id=\"interactive-banner-1-wrap-6133\" class=\"ult-banner-block ult-adjust-bottom-margin ult-bb-box ult-banner-block-custom-height banner-style01 \"   style=\"height:214px;\">\n\t<img decoding=\"async\" src=\"https:\/\/bmf-fvm.org\/wp-content\/uploads\/2021\/07\/olalde.jpg\" alt=\"null\">\n\t<h3  data-ultimate-target='#interactive-banner-1-wrap-6133 .bb-top-title '  data-responsive-json-new='{\"font-size\":\"\",\"line-height\":\"\"}'  class=\"title-center bb-top-title ult-responsive\" style=\"font-weight:normal;background:#b97ebb;color:#ffffff;\">OLALDE ESKOLA<\/h3>\n\t<div class=\"mask opaque-background\" style=\"background:rgba(185,126,187,0.75);\">\n\t\t<div  data-ultimate-target='#interactive-banner-1-wrap-6133 .bb-description'  data-responsive-json-new='{\"font-size\":\"\",\"line-height\":\"\"}'  class=\"bb-description ult-responsive\" style=\"font-weight:normal;color:#ffffff;\">Olalde Heziketa Eskolari buruzko informazioa<\/div>\n\t<\/div><a class=\"bb-link\" href=\"\/eu\/olalde-formazio-eskolaren-barne-arautegiko-arauak\/\" ><\/a>\n<\/div>[\/vc_column][vc_column width=&#8221;1\/5&#8243;]\n<div tabindex=\"0\" id=\"interactive-banner-1-wrap-8068\" class=\"ult-banner-block ult-adjust-bottom-margin ult-bb-box ult-banner-block-custom-height banner-style01 \"   style=\"height:214px;\">\n\t<img decoding=\"async\" src=\"https:\/\/bmf-fvm.org\/wp-content\/uploads\/2021\/07\/refugio.jpg\" alt=\"null\">\n\t<h3  data-ultimate-target='#interactive-banner-1-wrap-8068 .bb-top-title '  data-responsive-json-new='{\"font-size\":\"\",\"line-height\":\"\"}'  class=\"title-center bb-top-title ult-responsive\" style=\"font-weight:normal;background:#b97ebb;color:#ffffff;\">GORBEIAKO ATERPEA<\/h3>\n\t<div class=\"mask opaque-background\" style=\"background:rgba(185,126,187,0.75);\">\n\t\t<div  data-ultimate-target='#interactive-banner-1-wrap-8068 .bb-description'  data-responsive-json-new='{\"font-size\":\"\",\"line-height\":\"\"}'  class=\"bb-description ult-responsive\" style=\"font-weight:normal;color:#ffffff;\">Gorbeiako Aterpeari buruzko informazio guztia<\/div>\n\t<\/div><a class=\"bb-link\" href=\"https:\/\/gorbeiakoaterpea.eus\/\" target=\"_blank\" rel=\"nofollow noopener\" ><\/a>\n<\/div>[\/vc_column][\/vc_row][vc_row css=&#8221;.vc_custom_1507717717762{padding-top: 35px !important;padding-bottom: 35px !important;}&#8221;][vc_column][lab_heading title=&#8221;Nabarmenak&#8221; el_class=&#8221;center-title&#8221;][\/lab_heading][\/vc_column][vc_column width=&#8221;1\/4&#8243;]\n<div tabindex=\"0\" id=\"interactive-banner-1-wrap-8257\" class=\"ult-banner-block ult-adjust-bottom-margin ult-bb-box ult-banner-block-custom-height banner-style01 \"   style=\"height:214px;\">\n\t<img decoding=\"async\" src=\"https:\/\/bmf-fvm.org\/wp-content\/uploads\/2021\/07\/mujer-y-montana.jpg\" alt=\"null\">\n\t<h3  data-ultimate-target='#interactive-banner-1-wrap-8257 .bb-top-title '  data-responsive-json-new='{\"font-size\":\"\",\"line-height\":\"\"}'  class=\"title-center bb-top-title ult-responsive\" style=\"font-weight:normal;background:#b97ebb;color:#ffffff;\">EMAKUME ETA MENDIA<\/h3>\n\t<div class=\"mask opaque-background\" style=\"background:rgba(185,126,187,0.75);\">\n\t\t<div  data-ultimate-target='#interactive-banner-1-wrap-8257 .bb-description'  data-responsive-json-new='{\"font-size\":\"\",\"line-height\":\"\"}'  class=\"bb-description ult-responsive\" style=\"font-weight:normal;color:#ffffff;\">Emakumea eta Mendiaren informazio guztia<\/div>\n\t<\/div><a class=\"bb-link\" href=\"\/eu\/emakumea-eta-mendia\/\" ><\/a>\n<\/div>[\/vc_column][vc_column width=&#8221;1\/4&#8243;]\n<div tabindex=\"0\" id=\"interactive-banner-1-wrap-4480\" class=\"ult-banner-block ult-adjust-bottom-margin ult-bb-box ult-banner-block-custom-height banner-style01 \"   style=\"height:214px;\">\n\t<img decoding=\"async\" src=\"https:\/\/bmf-fvm.org\/wp-content\/uploads\/2021\/07\/buzon.jpg\" alt=\"null\">\n\t<h3  data-ultimate-target='#interactive-banner-1-wrap-4480 .bb-top-title '  data-responsive-json-new='{\"font-size\":\"\",\"line-height\":\"\"}'  class=\"title-center bb-top-title ult-responsive\" style=\"font-weight:normal;background:#b97ebb;color:#ffffff;\">GUTUNONTZIAK<\/h3>\n\t<div class=\"mask opaque-background\" style=\"background:rgba(185,126,187,0.75);\">\n\t\t<div  data-ultimate-target='#interactive-banner-1-wrap-4480 .bb-description'  data-responsive-json-new='{\"font-size\":\"\",\"line-height\":\"\"}'  class=\"bb-description ult-responsive\" style=\"font-weight:normal;color:#ffffff;\">Mendiko gutuontzien egoera eta kokapena<\/div>\n\t<\/div><a class=\"bb-link\" href=\"\/eu\/buzones\" ><\/a>\n<\/div>[\/vc_column][vc_column width=&#8221;1\/4&#8243;]\n<div tabindex=\"0\" id=\"interactive-banner-1-wrap-3031\" class=\"ult-banner-block ult-adjust-bottom-margin ult-bb-box ult-banner-block-custom-height banner-style01 \"   style=\"height:214px;\">\n\t<img decoding=\"async\" src=\"https:\/\/bmf-fvm.org\/wp-content\/uploads\/2021\/12\/brujula.jpg\" alt=\"null\">\n\t<h3  data-ultimate-target='#interactive-banner-1-wrap-3031 .bb-top-title '  data-responsive-json-new='{\"font-size\":\"\",\"line-height\":\"\"}'  class=\"title-center bb-top-title ult-responsive\" style=\"font-weight:normal;background:#b97ebb;color:#ffffff;\">SEGURTASUNA<\/h3>\n\t<div class=\"mask opaque-background\" style=\"background:rgba(185,126,187,0.75);\">\n\t\t<div  data-ultimate-target='#interactive-banner-1-wrap-3031 .bb-description'  data-responsive-json-new='{\"font-size\":\"\",\"line-height\":\"\"}'  class=\"bb-description ult-responsive\" style=\"font-weight:normal;color:#ffffff;\">Prebentzio eta segurtasunarekin lotutako informazioa<\/div>\n\t<\/div><a class=\"bb-link\" href=\"https:\/\/bmf-fvm.org\/eu\/segurtasuna\/\" ><\/a>\n<\/div>[\/vc_column][vc_column width=&#8221;1\/4&#8243;]\n<div tabindex=\"0\" id=\"interactive-banner-1-wrap-9466\" class=\"ult-banner-block ult-adjust-bottom-margin ult-bb-box ult-banner-block-custom-height banner-style01 \"   style=\"height:214px;\">\n\t<img decoding=\"async\" src=\"https:\/\/bmf-fvm.org\/wp-content\/uploads\/2021\/07\/refugio.jpg\" alt=\"null\">\n\t<h3  data-ultimate-target='#interactive-banner-1-wrap-9466 .bb-top-title '  data-responsive-json-new='{\"font-size\":\"\",\"line-height\":\"\"}'  class=\"title-center bb-top-title ult-responsive\" style=\"font-weight:normal;background:#b97ebb;color:#ffffff;\">GORBEIAKO ATERPEA<\/h3>\n\t<div class=\"mask opaque-background\" style=\"background:rgba(185,126,187,0.75);\">\n\t\t<div  data-ultimate-target='#interactive-banner-1-wrap-9466 .bb-description'  data-responsive-json-new='{\"font-size\":\"\",\"line-height\":\"\"}'  class=\"bb-description ult-responsive\" style=\"font-weight:normal;color:#ffffff;\">Gorbeiako Aterpeari buruzko informazio guztia<\/div>\n\t<\/div><a class=\"bb-link\" href=\"https:\/\/gorbeiakoaterpea.eus\/\" target=\"_blank\" rel=\"nofollow noopener\" ><\/a>\n<\/div>[\/vc_column][\/vc_row][vc_row full_width=&#8221;stretch_row&#8221; gap=&#8221;35&#8243; css=&#8221;.vc_custom_1646408936612{background-color: #eeeeee !important;}&#8221;][vc_column width=&#8221;1\/2&#8243;]<div class=\"ult-content-box-container \" >\t\t<div class=\"ult-content-box\" style=\"background-color:#ffffff;box-shadow: px px px px none;padding:1em;-webkit-transition: all 700ms ease;-moz-transition: all 700ms ease;-ms-transition: all 700ms ease;-o-transition: all 700ms ease;transition: all 700ms ease;\"  data-hover_box_shadow=\"none\"     data-bg=\"#ffffff\" >[vc_column_text]<\/p>\n<h3>DATORREN EKITALDIAK<\/h3>\n<p>\r\n\t\t<table id='' class=\"table table-striped table-bordered table-hover\" >\r\n\t\t\t<thead>\r\n\t\t<tr >\r\n\t\t\t<th   style=\"width:7em\">Data<\/th><th   >Jarduera<\/th>\r\n\t\t<\/tr>\r\n\t<\/thead><tbody>\r\n\t\t<tr class='tit-grupo'>\r\n\t\t\t<td  colspan='2' >Emakume eta mendia<\/td>\r\n\t\t<\/tr>\r\n\t\r\n\t\t<tr >\r\n\t\t\t<td   >2026-05-16<\/td><td   ><a href='https:\/\/bmf-fvm.org\/eu\/emakumea-eta-mendia\/emakumeak-gailurretan\/'>Emakumeak gailurretan<\/a><\/td>\r\n\t\t<\/tr>\r\n\t\r\n\t\t<tr >\r\n\t\t\t<td   >2026-07-04<\/td><td   ><a href='https:\/\/bmf-fvm.org\/mujer-y-montana\/la-ruta-de-las-golondrinas\/'>Ruta de Las Golondrinas<\/a><\/td>\r\n\t\t<\/tr>\r\n\t<\/tbody>\r\n\t\t<\/table>\r\n\t[\/vc_column_text]\t\t<\/div><\/div>[\/vc_column][vc_column width=&#8221;1\/2&#8243;]<div class=\"ult-content-box-container \" >\t\t<div class=\"ult-content-box\" style=\"background-color:#ffffff;box-shadow: px px px px none;padding:1em;-webkit-transition: all 700ms ease;-moz-transition: all 700ms ease;-ms-transition: all 700ms ease;-o-transition: all 700ms ease;transition: all 700ms ease;\"  data-hover_box_shadow=\"none\"     data-bg=\"#ffffff\" >[vc_column_text]<\/p>\n<h3>INTERESEKO LOTURAK<\/h3>\n<p><ul class='enlaces enlaces-con-secciones'><li><span class=\"enlace-seccion\">Lotura baliagarriak<\/span><ul><li><a href='https:\/\/www.asfedebi.eus\/eu\/' target='_blank'>ASFEDEBI<\/a><\/li><li><a href='https:\/\/emf.eus\/eu\/' target='_blank'>EMF \u2013 Euskal Herria<\/a><\/li><li><a href='https:\/\/www.mendiak.net' target='_blank'>Mendiak<\/a><\/li><li><a href='https:\/\/www.mendikat.net\/eu' target='_blank'>Mendikat<\/a><\/li><li><a href='https:\/\/eu.wikiloc.com\/' target='_blank'>Wikiloc<\/a><\/li><li><a href='http:\/\/www.zirkuitua.com\/IzenEmate\/Pages\/ZirkuituaILI.php?lng=eus&det=0' target='_blank'>Zirkuitua<\/a><\/li><\/li><\/ul><li><span class=\"enlace-seccion\">Mendi Lasterketak<\/span><ul><li><a href='https:\/\/emf-fvm.com\/Carreras_Por_Monte?Id=&idioma=eu' target='_blank'>EMF rankina<\/a><\/li><li><a href='https:\/\/emf-fvm.com\/Docs\/Reglamento_CxM_EMF_2023_Eus-A27may23.pdf' target='_blank'>EMFko Mendi Lasterketen Araudia<\/a><\/li><li><a href='https:\/\/emf-fvm.com\/Docs\/Egutegia-CxM_EMF_2023-Calendario-Mar23(1).pdf' target='_blank'>EMFren egutegi ofiziala<\/a><\/li><li><a href='https:\/\/www.fedme.es\/index.php?mmod=staticContent&IDf=485' target='_blank'>FEDMEko egutegi ofiziala<\/a><\/li><li><a href='https:\/\/www.skyrunning.com\/' target='_blank'>ISF<\/a><\/li><li><a href='https:\/\/www.euskadi.eus\/contenidos\/documentacion\/guia_carreras_montana\/es_def\/adjuntos\/BUENAS_PRACTICAS_CARRERAS_es.pdf' target='_blank'>Naturagune babestuetan mendi-lasterketa egiteko jardunbide egokien gida<\/a><\/li><\/li><\/ul><li><span class=\"enlace-seccion\">Emakume eta mendia<\/span><ul><li><a href='https:\/\/www.csd.gob.es\/es\/mujer-y-deporte\/igualdad-y-participacion-declaracion-de-brighton\/manifiesto-por-la-igualdad-y-la-participacion-de-la-mujer' target='_blank'>Berdintasunaren aldeko eta emakumeek kirolean parte hartzearen aldeko manifestua<\/a><\/li><li><a href='https:\/\/www.emakunde.euskadi.eus\/contenidos\/informacion\/publicaciones_guias2\/eu_emakunde\/adjuntos\/eusk_gida_eu.pdf' target='_blank'>Euskararen erabilera ez sexista<\/a><\/li><li><a href='https:\/\/www.emakunde.euskadi.eus\/contenidos\/informacion\/pub_guias\/es_emakunde\/adjuntos\/guia_lenguaje_deport_es.pdf' target='_blank'>Hizkuntzaren gida kirolaren esparrurako<\/a><\/li><\/li><\/ul><li><span class=\"enlace-seccion\">Orientazio<\/span><ul><li><a href='http:\/\/www.cobidea.com' target='_blank'>Bidea Orientazio Kluba \u2013 COBi<\/a><\/li><\/li><\/ul><ul>[\/vc_column_text]\t\t<\/div><\/div>[\/vc_column][\/vc_row][vc_row full_width=&#8221;stretch_row&#8221; disable_element=&#8221;yes&#8221; bg_type=&#8221;bg_color&#8221; css=&#8221;.vc_custom_1666270761096{padding-bottom: 35px !important;}&#8221; bg_color_value=&#8221;#f7c016&#8243;][vc_column][lab_heading title=&#8221;Babesleak&#8221; el_class=&#8221;center-title&#8221;][\/lab_heading][lab_clients columns_count=&#8221;2&#8243; image_borders=&#8221;no&#8221; hover_style=&#8221;none&#8221; img_size=&#8221;full&#8221; el_class=&#8221;logos-scaled&#8221; css=&#8221;.vc_custom_1649677562764{margin-bottom: 0px !important;}&#8221;][lab_clients_entry image=&#8221;2381&#8243; title=&#8221;BFA&#8221;][lab_clients_entry image=&#8221;86855&#8243; title=&#8221;BBK&#8221; link=&#8221;url:%23|title:Izolimi%20Construction&#8221;][\/lab_clients][\/vc_column][\/vc_row]<\/p>\n<\/div>","protected":false},"excerpt":{"rendered":"<p>[vc_row full_width=&#8221;stretch_row_content_no_spaces&#8221; css=&#8221;.vc_custom_1773234758495{margin-bottom: 35px !important;}&#8221;][vc_column][\/vc_column][\/vc_row][vc_row full_width=&#8221;stretch_row&#8221; disable_element=&#8221;yes&#8221; css=&#8221;.vc_custom_1773234500119{background-position: center !important;background-repeat: no-repeat !important;background-size: cover !important;}&#8221;][vc_column width=&#8221;1\/2&#8243;][\/vc_column][vc_column width=&#8221;1\/2&#8243;][\/vc_column][\/vc_row][vc_row disable_element=&#8221;yes&#8221; bg_type=&#8221;image&#8221; parallax_style=&#8221;vcpb-vz-jquery&#8221; bg_image_new=&#8221;id^118314|url^https:\/\/bmf-fvm.org\/wp-content\/uploads\/2025\/06\/banner-refugio-gorbeia-1.jpg|caption^null|alt^null|title^banner&hellip;<\/p>\n","protected":false},"author":1,"featured_media":0,"parent":0,"menu_order":29,"comment_status":"closed","ping_status":"closed","template":"","meta":{"_acf_changed":false,"footnotes":""},"class_list":["post-72030","page","type-page","status-publish","hentry"],"acf":[],"yoast_head":"<!-- This site is optimized with the Yoast SEO plugin v27.3 - https:\/\/yoast.com\/product\/yoast-seo-wordpress\/ -->\n<title>Bizkaiko Mendizale Federazioa<\/title>\n<meta name=\"description\" content=\"Bizkaiko Mendizale Federazioan bizkaiko mendiko kirolarekin zerikusia duen guztia aurkituko duzu: mendi-ibiliak, eskalada, ikastaroak, federatu...\" \/>\n<meta name=\"robots\" content=\"index, follow, max-snippet:-1, max-image-preview:large, max-video-preview:-1\" \/>\n<link rel=\"canonical\" href=\"https:\/\/bmf-fvm.org\/eu\/\" \/>\n<meta property=\"og:locale\" content=\"en_US\" \/>\n<meta property=\"og:type\" content=\"article\" \/>\n<meta property=\"og:title\" content=\"Bizkaiko Mendizale Federazioa\" \/>\n<meta property=\"og:description\" content=\"Bizkaiko Mendizale Federazioan bizkaiko mendiko kirolarekin zerikusia duen guztia aurkituko duzu: mendi-ibiliak, eskalada, ikastaroak, federatu...\" \/>\n<meta property=\"og:url\" content=\"https:\/\/bmf-fvm.org\/eu\/\" \/>\n<meta property=\"og:site_name\" content=\"Bizkaiko Mendizale Federazioa\" \/>\n<meta property=\"article:publisher\" content=\"https:\/\/facebook.com\/pages\/Bmf-Fvm\/597553177057267\" \/>\n<meta property=\"article:modified_time\" content=\"2026-04-13T09:17:39+00:00\" \/>\n<meta property=\"og:image\" content=\"https:\/\/bmf-fvm.org\/wp-content\/uploads\/2022\/04\/bmf-fb-logo.jpg\" \/>\n\t<meta property=\"og:image:width\" content=\"200\" \/>\n\t<meta property=\"og:image:height\" content=\"200\" \/>\n\t<meta property=\"og:image:type\" content=\"image\/jpeg\" \/>\n<meta name=\"twitter:card\" content=\"summary_large_image\" \/>\n<meta name=\"twitter:label1\" content=\"Est. reading time\" \/>\n\t<meta name=\"twitter:data1\" content=\"2 minutua\" \/>\n<script type=\"application\/ld+json\" class=\"yoast-schema-graph\">{\"@context\":\"https:\\\/\\\/schema.org\",\"@graph\":[{\"@type\":\"WebPage\",\"@id\":\"https:\\\/\\\/bmf-fvm.org\\\/eu\\\/\",\"url\":\"https:\\\/\\\/bmf-fvm.org\\\/eu\\\/\",\"name\":\"Bizkaiko Mendizale Federazioa\",\"isPartOf\":{\"@id\":\"https:\\\/\\\/bmf-fvm.org\\\/#website\"},\"datePublished\":\"2017-09-18T10:51:53+00:00\",\"dateModified\":\"2026-04-13T09:17:39+00:00\",\"description\":\"Bizkaiko Mendizale Federazioan bizkaiko mendiko kirolarekin zerikusia duen guztia aurkituko duzu: mendi-ibiliak, eskalada, ikastaroak, federatu...\",\"breadcrumb\":{\"@id\":\"https:\\\/\\\/bmf-fvm.org\\\/eu\\\/#breadcrumb\"},\"inLanguage\":\"eu\",\"potentialAction\":[{\"@type\":\"ReadAction\",\"target\":[\"https:\\\/\\\/bmf-fvm.org\\\/eu\\\/\"]}]},{\"@type\":\"BreadcrumbList\",\"@id\":\"https:\\\/\\\/bmf-fvm.org\\\/eu\\\/#breadcrumb\",\"itemListElement\":[{\"@type\":\"ListItem\",\"position\":1,\"name\":\"Portada\",\"item\":\"https:\\\/\\\/bmf-fvm.org\\\/eu\\\/\"},{\"@type\":\"ListItem\",\"position\":2,\"name\":\"Inicio\"}]},{\"@type\":\"WebSite\",\"@id\":\"https:\\\/\\\/bmf-fvm.org\\\/#website\",\"url\":\"https:\\\/\\\/bmf-fvm.org\\\/\",\"name\":\"Bizkaiko Mendizale Federazioa\",\"description\":\"Bizkaiko Mendizale Federazioa\",\"publisher\":{\"@id\":\"https:\\\/\\\/bmf-fvm.org\\\/#organization\"},\"potentialAction\":[{\"@type\":\"SearchAction\",\"target\":{\"@type\":\"EntryPoint\",\"urlTemplate\":\"https:\\\/\\\/bmf-fvm.org\\\/?s={search_term_string}\"},\"query-input\":{\"@type\":\"PropertyValueSpecification\",\"valueRequired\":true,\"valueName\":\"search_term_string\"}}],\"inLanguage\":\"eu\"},{\"@type\":\"Organization\",\"@id\":\"https:\\\/\\\/bmf-fvm.org\\\/#organization\",\"name\":\"Federaci\u00f3n Vizca\u00edna de Monta\u00f1a\",\"url\":\"https:\\\/\\\/bmf-fvm.org\\\/\",\"logo\":{\"@type\":\"ImageObject\",\"inLanguage\":\"eu\",\"@id\":\"https:\\\/\\\/bmf-fvm.org\\\/#\\\/schema\\\/logo\\\/image\\\/\",\"url\":\"https:\\\/\\\/bmf-fvm.org\\\/wp-content\\\/uploads\\\/2022\\\/03\\\/bmf-logo-trans.png\",\"contentUrl\":\"https:\\\/\\\/bmf-fvm.org\\\/wp-content\\\/uploads\\\/2022\\\/03\\\/bmf-logo-trans.png\",\"width\":41,\"height\":61,\"caption\":\"Federaci\u00f3n Vizca\u00edna de Monta\u00f1a\"},\"image\":{\"@id\":\"https:\\\/\\\/bmf-fvm.org\\\/#\\\/schema\\\/logo\\\/image\\\/\"},\"sameAs\":[\"https:\\\/\\\/facebook.com\\\/pages\\\/Bmf-Fvm\\\/597553177057267\"]}]}<\/script>\n<!-- \/ Yoast SEO plugin. -->","yoast_head_json":{"title":"Bizkaiko Mendizale Federazioa","description":"Bizkaiko Mendizale Federazioan bizkaiko mendiko kirolarekin zerikusia duen guztia aurkituko duzu: mendi-ibiliak, eskalada, ikastaroak, federatu...","robots":{"index":"index","follow":"follow","max-snippet":"max-snippet:-1","max-image-preview":"max-image-preview:large","max-video-preview":"max-video-preview:-1"},"canonical":"https:\/\/bmf-fvm.org\/eu\/","og_locale":"en_US","og_type":"article","og_title":"Bizkaiko Mendizale Federazioa","og_description":"Bizkaiko Mendizale Federazioan bizkaiko mendiko kirolarekin zerikusia duen guztia aurkituko duzu: mendi-ibiliak, eskalada, ikastaroak, federatu...","og_url":"https:\/\/bmf-fvm.org\/eu\/","og_site_name":"Bizkaiko Mendizale Federazioa","article_publisher":"https:\/\/facebook.com\/pages\/Bmf-Fvm\/597553177057267","article_modified_time":"2026-04-13T09:17:39+00:00","og_image":[{"width":200,"height":200,"url":"https:\/\/bmf-fvm.org\/wp-content\/uploads\/2022\/04\/bmf-fb-logo.jpg","type":"image\/jpeg"}],"twitter_card":"summary_large_image","twitter_misc":{"Est. reading time":"2 minutua"},"schema":{"@context":"https:\/\/schema.org","@graph":[{"@type":"WebPage","@id":"https:\/\/bmf-fvm.org\/eu\/","url":"https:\/\/bmf-fvm.org\/eu\/","name":"Bizkaiko Mendizale Federazioa","isPartOf":{"@id":"https:\/\/bmf-fvm.org\/#website"},"datePublished":"2017-09-18T10:51:53+00:00","dateModified":"2026-04-13T09:17:39+00:00","description":"Bizkaiko Mendizale Federazioan bizkaiko mendiko kirolarekin zerikusia duen guztia aurkituko duzu: mendi-ibiliak, eskalada, ikastaroak, federatu...","breadcrumb":{"@id":"https:\/\/bmf-fvm.org\/eu\/#breadcrumb"},"inLanguage":"eu","potentialAction":[{"@type":"ReadAction","target":["https:\/\/bmf-fvm.org\/eu\/"]}]},{"@type":"BreadcrumbList","@id":"https:\/\/bmf-fvm.org\/eu\/#breadcrumb","itemListElement":[{"@type":"ListItem","position":1,"name":"Portada","item":"https:\/\/bmf-fvm.org\/eu\/"},{"@type":"ListItem","position":2,"name":"Inicio"}]},{"@type":"WebSite","@id":"https:\/\/bmf-fvm.org\/#website","url":"https:\/\/bmf-fvm.org\/","name":"Bizkaiko Mendizale Federazioa","description":"Bizkaiko Mendizale Federazioa","publisher":{"@id":"https:\/\/bmf-fvm.org\/#organization"},"potentialAction":[{"@type":"SearchAction","target":{"@type":"EntryPoint","urlTemplate":"https:\/\/bmf-fvm.org\/?s={search_term_string}"},"query-input":{"@type":"PropertyValueSpecification","valueRequired":true,"valueName":"search_term_string"}}],"inLanguage":"eu"},{"@type":"Organization","@id":"https:\/\/bmf-fvm.org\/#organization","name":"Federaci\u00f3n Vizca\u00edna de Monta\u00f1a","url":"https:\/\/bmf-fvm.org\/","logo":{"@type":"ImageObject","inLanguage":"eu","@id":"https:\/\/bmf-fvm.org\/#\/schema\/logo\/image\/","url":"https:\/\/bmf-fvm.org\/wp-content\/uploads\/2022\/03\/bmf-logo-trans.png","contentUrl":"https:\/\/bmf-fvm.org\/wp-content\/uploads\/2022\/03\/bmf-logo-trans.png","width":41,"height":61,"caption":"Federaci\u00f3n Vizca\u00edna de Monta\u00f1a"},"image":{"@id":"https:\/\/bmf-fvm.org\/#\/schema\/logo\/image\/"},"sameAs":["https:\/\/facebook.com\/pages\/Bmf-Fvm\/597553177057267"]}]}},"_links":{"self":[{"href":"https:\/\/bmf-fvm.org\/eu\/wp-json\/wp\/v2\/pages\/72030","targetHints":{"allow":["GET"]}}],"collection":[{"href":"https:\/\/bmf-fvm.org\/eu\/wp-json\/wp\/v2\/pages"}],"about":[{"href":"https:\/\/bmf-fvm.org\/eu\/wp-json\/wp\/v2\/types\/page"}],"author":[{"embeddable":true,"href":"https:\/\/bmf-fvm.org\/eu\/wp-json\/wp\/v2\/users\/1"}],"replies":[{"embeddable":true,"href":"https:\/\/bmf-fvm.org\/eu\/wp-json\/wp\/v2\/comments?post=72030"}],"version-history":[{"count":21,"href":"https:\/\/bmf-fvm.org\/eu\/wp-json\/wp\/v2\/pages\/72030\/revisions"}],"predecessor-version":[{"id":126887,"href":"https:\/\/bmf-fvm.org\/eu\/wp-json\/wp\/v2\/pages\/72030\/revisions\/126887"}],"wp:attachment":[{"href":"https:\/\/bmf-fvm.org\/eu\/wp-json\/wp\/v2\/media?parent=72030"}],"curies":[{"name":"wp","href":"https:\/\/api.w.org\/{rel}","templated":true}]}}