{"id":115851,"date":"2025-02-25T11:10:42","date_gmt":"2025-02-25T10:10:42","guid":{"rendered":"https:\/\/bmf-fvm.org\/?page_id=115851"},"modified":"2025-03-03T13:53:32","modified_gmt":"2025-03-03T12:53:32","slug":"portugalete-serantes","status":"publish","type":"page","link":"https:\/\/bmf-fvm.org\/eu\/bbk-mendi-martxak\/portugalete-serantes\/","title":{"rendered":"Portugalete. Serantes"},"content":{"rendered":"<div class=\"wpb-content-wrapper\"><p>[vc_row][vc_column][vc_column_text css=&#8221;&#8221;]Hemen duzu <strong>Ganerantz M.T.<\/strong><strong>\u00a0<\/strong>klubak <strong>BBK<\/strong>-k babestutako &#8220;BBK Mendi Martxak &#8217;25 &#8211; Bizkaiako xendazaletasun VIII. liga&#8221; ekimenaren barruan antolatutako jardueren informazio guztia.[\/vc_column_text][\/vc_column][\/vc_row][vc_row][vc_column][vc_message color=&#8221;info&#8221; style=&#8221;square&#8221; css=&#8221;&#8221;]Izen-emate data: <strong>martxoak 3, astelehena<\/strong>[\/vc_message][\/vc_column][\/vc_row][vc_row][vc_column][vc_row_inner][vc_column_inner width=&#8221;2\/3&#8243;]<div class=\"ult-content-box-container \" >\t\t<div class=\"ult-content-box\" style=\"box-shadow: px px px px none;border-style:solid;border-width:0px;padding:1em;-webkit-transition: all 700ms ease;-moz-transition: all 700ms ease;-ms-transition: all 700ms ease;-o-transition: all 700ms ease;transition: all 700ms ease;\"  data-hover_box_shadow=\"none\"     data-border_color=\"\" ><div class=\"uavc-list-icon uavc-list-icon-wrapper ult-adjust-bottom-margin   \"><ul class=\"uavc-list\"><li><div class=\"uavc-list-content\" id=\"list-icon-wrap-2708\">\n<div class=\"uavc-list-icon  \" data-animation=\"\" data-animation-delay=\"03\" style=\"margin-right:10px;\"><div class=\"ult-just-icon-wrapper  \"><div class=\"align-icon\" style=\"text-align:center;\">\n<div class=\"aio-icon none \"  style=\"color:#555555;font-size:16px;display:inline-block;\">\n\t<i class=\"Defaults-tag\"><\/i>\n<\/div><\/div><\/div>\n<\/div><span  data-ultimate-target='#list-icon-wrap-2708 .uavc-list-desc'  data-responsive-json-new='{\"font-size\":\"\",\"line-height\":\"\"}'  class=\"uavc-list-desc ult-responsive\" style=\"\">Serantes<\/span><\/div><\/li><li><div class=\"uavc-list-content\" id=\"list-icon-wrap-2310\">\n<div class=\"uavc-list-icon  \" data-animation=\"\" data-animation-delay=\"03\" style=\"margin-right:10px;\"><div class=\"ult-just-icon-wrapper  \"><div class=\"align-icon\" style=\"text-align:center;\">\n<div class=\"aio-icon none \"  style=\"color:#555555;font-size:16px;display:inline-block;\">\n\t<i class=\"Defaults-globe\"><\/i>\n<\/div><\/div><\/div>\n<\/div><span  data-ultimate-target='#list-icon-wrap-2310 .uavc-list-desc'  data-responsive-json-new='{\"font-size\":\"\",\"line-height\":\"\"}'  class=\"uavc-list-desc ult-responsive\" style=\"\">Portugalete<\/span><\/div><\/li><li><div class=\"uavc-list-content\" id=\"list-icon-wrap-5786\">\n<div class=\"uavc-list-icon  \" data-animation=\"\" data-animation-delay=\"03\" style=\"margin-right:10px;\"><div class=\"ult-just-icon-wrapper  \"><div class=\"align-icon\" style=\"text-align:center;\">\n<div class=\"aio-icon none \"  style=\"color:#555555;font-size:16px;display:inline-block;\">\n\t<i class=\"Defaults-calendar\"><\/i>\n<\/div><\/div><\/div>\n<\/div><span  data-ultimate-target='#list-icon-wrap-5786 .uavc-list-desc'  data-responsive-json-new='{\"font-size\":\"\",\"line-height\":\"\"}'  class=\"uavc-list-desc ult-responsive\" style=\"\">2025ko martxoaren 16a, 9:00 (Bertaratze-kontrola 45 minutu lehenago hasiko da)<\/span><\/div><\/li><li><div class=\"uavc-list-content\" id=\"list-icon-wrap-2876\">\n<div class=\"uavc-list-icon  \" data-animation=\"\" data-animation-delay=\"03\" style=\"margin-right:10px;\"><div class=\"ult-just-icon-wrapper  \"><div class=\"align-icon\" style=\"text-align:center;\">\n<div class=\"aio-icon none \"  style=\"color:#555555;font-size:16px;display:inline-block;\">\n\t<i class=\"icomoon-map\"><\/i>\n<\/div><\/div><\/div>\n<\/div><span  data-ultimate-target='#list-icon-wrap-2876 .uavc-list-desc'  data-responsive-json-new='{\"font-size\":\"\",\"line-height\":\"\"}'  class=\"uavc-list-desc ult-responsive\" style=\"\"><a href=\"https:\/\/bmf-fvm.org\/wp-content\/uploads\/2025\/02\/Ganerantz-M.T.-BBK-Mendi-Martxak.gpx\" target=\"_blank\" rel=\"noopener\">Track GPX<\/a>, <a href=\"https:\/\/bmf-fvm.org\/wp-content\/uploads\/2025\/02\/Ganerantz-M.T.-BBK-Mendi-Martxak.kml\" target=\"_blank\" rel=\"noopener\">Track KML<\/a>, <a href=\"https:\/\/bmf-fvm.org\/wp-content\/uploads\/2025\/02\/Mapa-2a-salida-VIII.-Liga-Senderismo-Bizkaia.pdf\" target=\"_blank\" rel=\"noopener\">Mapa<\/a><\/span><\/div><\/li><li><div class=\"uavc-list-content\" id=\"list-icon-wrap-2399\">\n<div class=\"uavc-list-icon  \" data-animation=\"\" data-animation-delay=\"03\" style=\"margin-right:10px;\"><div class=\"ult-just-icon-wrapper  \"><div class=\"align-icon\" style=\"text-align:center;\">\n<div class=\"aio-icon none \"  style=\"color:#555555;font-size:16px;display:inline-block;\">\n\t<i class=\"icomoon-swap1\"><\/i>\n<\/div><\/div><\/div>\n<\/div><span  data-ultimate-target='#list-icon-wrap-2399 .uavc-list-desc'  data-responsive-json-new='{\"font-size\":\"\",\"line-height\":\"\"}'  class=\"uavc-list-desc ult-responsive\" style=\"\">16,94 Km.<\/span><\/div><\/li><li><div class=\"uavc-list-content\" id=\"list-icon-wrap-9416\">\n<div class=\"uavc-list-icon  \" data-animation=\"\" data-animation-delay=\"03\" style=\"margin-right:10px;\"><div class=\"ult-just-icon-wrapper  \"><div class=\"align-icon\" style=\"text-align:center;\">\n<div class=\"aio-icon none \"  style=\"color:#555555;font-size:16px;display:inline-block;\">\n\t<i class=\"icomoon-arrow-outline-up\"><\/i>\n<\/div><\/div><\/div>\n<\/div><span  data-ultimate-target='#list-icon-wrap-9416 .uavc-list-desc'  data-responsive-json-new='{\"font-size\":\"\",\"line-height\":\"\"}'  class=\"uavc-list-desc ult-responsive\" style=\"\">505 m.<\/span><\/div><\/li><li><div class=\"uavc-list-content\" id=\"list-icon-wrap-3141\">\n<div class=\"uavc-list-icon  \" data-animation=\"\" data-animation-delay=\"03\" style=\"margin-right:10px;\"><div class=\"ult-just-icon-wrapper  \"><div class=\"align-icon\" style=\"text-align:center;\">\n<div class=\"aio-icon none \"  style=\"color:#555555;font-size:16px;display:inline-block;\">\n\t<i class=\"icomoon-arrow-outline-down\"><\/i>\n<\/div><\/div><\/div>\n<\/div><span  data-ultimate-target='#list-icon-wrap-3141 .uavc-list-desc'  data-responsive-json-new='{\"font-size\":\"\",\"line-height\":\"\"}'  class=\"uavc-list-desc ult-responsive\" style=\"\">505 m.<\/span><\/div><\/li><li><div class=\"uavc-list-content\" id=\"list-icon-wrap-8284\">\n<div class=\"uavc-list-icon  \" data-animation=\"\" data-animation-delay=\"03\" style=\"margin-right:10px;\"><div class=\"ult-just-icon-wrapper  \"><div class=\"align-icon\" style=\"text-align:center;\">\n<div class=\"aio-icon none \"  style=\"color:#555555;font-size:16px;display:inline-block;\">\n\t<i class=\"Defaults-map-marker\"><\/i>\n<\/div><\/div><\/div>\n<\/div><span  data-ultimate-target='#list-icon-wrap-8284 .uavc-list-desc'  data-responsive-json-new='{\"font-size\":\"\",\"line-height\":\"\"}'  class=\"uavc-list-desc ult-responsive\" style=\"\"><a href=\"https:\/\/maps.app.goo.gl\/5S3jQbToPzaWyJZ19\" target=\"_blank\" rel=\"noopener\">Merkatua (Portugalete)<\/a><\/span><\/div><\/li><li><div class=\"uavc-list-content\" id=\"list-icon-wrap-7191\">\n<div class=\"uavc-list-icon  \" data-animation=\"\" data-animation-delay=\"03\" style=\"margin-right:10px;\"><div class=\"ult-just-icon-wrapper  \"><div class=\"align-icon\" style=\"text-align:center;\">\n<div class=\"aio-icon none \"  style=\"color:#333333;font-size:16px;display:inline-block;\">\n\t<i class=\"Defaults-bus\"><\/i>\n<\/div><\/div><\/div>\n<\/div><span  data-ultimate-target='#list-icon-wrap-7191 .uavc-list-desc'  data-responsive-json-new='{\"font-size\":\"\",\"line-height\":\"\"}'  class=\"uavc-list-desc ult-responsive\" style=\"\">Garraiobideak: <a href=\"https:\/\/www.renfe.com\/es\/es\/cercanias\/cercanias-bilbao\" target=\"_blank\" rel=\"noopener\">Renfe<\/a>, <a href=\"https:\/\/www.bizkaia.eus\/es\/web\/bizkaibus\/lineas\" target=\"_blank\" rel=\"noopener\">Bizkaibus<\/a>, <a href=\"https:\/\/www.metrobilbao.eus\/es\" target=\"_blank\" rel=\"noopener\">Metro<\/a><\/span><\/div><\/li><li><div class=\"uavc-list-content\" id=\"list-icon-wrap-7064\">\n<div class=\"uavc-list-icon  \" data-animation=\"\" data-animation-delay=\"03\" style=\"margin-right:10px;\"><div class=\"ult-just-icon-wrapper  \"><div class=\"align-icon\" style=\"text-align:center;\">\n<div class=\"aio-icon none \"  style=\"color:#555555;font-size:16px;display:inline-block;\">\n\t<i class=\"Defaults-info-circle\"><\/i>\n<\/div><\/div><\/div>\n<\/div><span  data-ultimate-target='#list-icon-wrap-7064 .uavc-list-desc'  data-responsive-json-new='{\"font-size\":\"\",\"line-height\":\"\"}'  class=\"uavc-list-desc ult-responsive\" style=\"\">Gehienez ere <strong>400<\/strong> parte-hartzaile izanen dira.<\/p>\n<p>Ekitaldiaren inguruan aparkaleku gutxi daudenez, garraio publikoa erabiliz joatea gomendatzen dugu.<\/p>\n<div class=\"embedly-responsive\" style=\"position: relative; padding-bottom: 78.2227%; height: 0; overflow: hidden;\"><iframe loading=\"lazy\" class=\"embedly-embed\" style=\"position: absolute; top: 0; left: 0; width: 100%; height: 100%;\" src=\"https:\/\/cdn.embedly.com\/widgets\/media.html?src=https:\/\/www.relive.cc\/view\/v1OwKgEAwEO\/widget?r=embed-site&amp;url=https:\/\/www.relive.cc\/view\/v1OwKgEAwEO?r=embed-site&amp;image=https:\/\/www.relive.cc\/view\/v1OwKgEAwEO\/png?x-ref=embed-site&amp;key=f1631a41cb254ca5b035dc5747a5bd75&amp;type=text\/html&amp;schema=relive\" width=\"1024\" height=\"801\" frameborder=\"0\" scrolling=\"no\" allowfullscreen=\"allowfullscreen\" data-mce-fragment=\"1\"><\/iframe><\/div>\n<p><\/span><\/div><\/li><\/ul><\/div>\t\t<\/div><\/div>[\/vc_column_inner][vc_column_inner width=&#8221;1\/3&#8243;][vc_single_image image=&#8221;116015&#8243; img_size=&#8221;large&#8221; alignment=&#8221;center&#8221; style=&#8221;vc_box_shadow&#8221; onclick=&#8221;img_link_large&#8221; css=&#8221;&#8221;][\/vc_column_inner][\/vc_row_inner][\/vc_column][\/vc_row][vc_row][vc_column][vc_btn title=&#8221;Izena eman nahi dut!&#8221; color=&#8221;info&#8221; size=&#8221;lg&#8221; align=&#8221;center&#8221; css=&#8221;&#8221; link=&#8221;url:https%3A%2F%2Fwww.buscametas.com%2Fmodulos%2Fticket%2Fevento.php%3Fcodigo%3D1254|target:_blank&#8221;][\/vc_column][\/vc_row]<\/p>\n<\/div>","protected":false},"excerpt":{"rendered":"<p>[vc_row][vc_column][vc_column_text css=&#8221;&#8221;]Hemen duzu Ganerantz M.T.\u00a0klubak BBK-k babestutako &#8220;BBK Mendi Martxak &#8217;25 &#8211; Bizkaiako xendazaletasun VIII. liga&#8221; ekimenaren barruan antolatutako jardueren&hellip;<\/p>\n","protected":false},"author":1,"featured_media":0,"parent":86890,"menu_order":8,"comment_status":"closed","ping_status":"closed","template":"","meta":{"_acf_changed":false,"footnotes":""},"class_list":["post-115851","page","type-page","status-publish","hentry"],"acf":[],"yoast_head":"<!-- This site is optimized with the Yoast SEO plugin v27.3 - https:\/\/yoast.com\/product\/yoast-seo-wordpress\/ -->\n<title>Portugalete. Serantes - Bizkaiko Mendizale Federazioa<\/title>\n<meta name=\"robots\" content=\"index, follow, max-snippet:-1, max-image-preview:large, max-video-preview:-1\" \/>\n<link rel=\"canonical\" href=\"https:\/\/bmf-fvm.org\/eu\/bbk-mendi-martxak\/portugalete-serantes\/\" \/>\n<meta property=\"og:locale\" content=\"en_US\" \/>\n<meta property=\"og:type\" content=\"article\" \/>\n<meta property=\"og:title\" content=\"Portugalete. Serantes - Bizkaiko Mendizale Federazioa\" \/>\n<meta property=\"og:description\" content=\"[vc_row][vc_column][vc_column_text css=&#8221;&#8221;]Hemen duzu Ganerantz M.T.\u00a0klubak BBK-k babestutako &#8220;BBK Mendi Martxak &#8217;25 &#8211; Bizkaiako xendazaletasun VIII. liga&#8221; ekimenaren barruan antolatutako jardueren&hellip;\" \/>\n<meta property=\"og:url\" content=\"https:\/\/bmf-fvm.org\/eu\/bbk-mendi-martxak\/portugalete-serantes\/\" \/>\n<meta property=\"og:site_name\" content=\"Bizkaiko Mendizale Federazioa\" \/>\n<meta property=\"article:publisher\" content=\"https:\/\/facebook.com\/pages\/Bmf-Fvm\/597553177057267\" \/>\n<meta property=\"article:modified_time\" content=\"2025-03-03T12:53:32+00:00\" \/>\n<meta property=\"og:image\" content=\"https:\/\/bmf-fvm.org\/wp-content\/uploads\/2022\/04\/bmf-fb-logo.jpg\" \/>\n\t<meta property=\"og:image:width\" content=\"200\" \/>\n\t<meta property=\"og:image:height\" content=\"200\" \/>\n\t<meta property=\"og:image:type\" content=\"image\/jpeg\" \/>\n<meta name=\"twitter:card\" content=\"summary_large_image\" \/>\n<meta name=\"twitter:label1\" content=\"Est. reading time\" \/>\n\t<meta name=\"twitter:data1\" content=\"2 minutua\" \/>\n<script type=\"application\/ld+json\" class=\"yoast-schema-graph\">{\"@context\":\"https:\\\/\\\/schema.org\",\"@graph\":[{\"@type\":\"WebPage\",\"@id\":\"https:\\\/\\\/bmf-fvm.org\\\/eu\\\/bbk-mendi-martxak\\\/portugalete-serantes\\\/\",\"url\":\"https:\\\/\\\/bmf-fvm.org\\\/eu\\\/bbk-mendi-martxak\\\/portugalete-serantes\\\/\",\"name\":\"Portugalete. Serantes - Bizkaiko Mendizale Federazioa\",\"isPartOf\":{\"@id\":\"https:\\\/\\\/bmf-fvm.org\\\/#website\"},\"datePublished\":\"2025-02-25T10:10:42+00:00\",\"dateModified\":\"2025-03-03T12:53:32+00:00\",\"breadcrumb\":{\"@id\":\"https:\\\/\\\/bmf-fvm.org\\\/eu\\\/bbk-mendi-martxak\\\/portugalete-serantes\\\/#breadcrumb\"},\"inLanguage\":\"eu\",\"potentialAction\":[{\"@type\":\"ReadAction\",\"target\":[\"https:\\\/\\\/bmf-fvm.org\\\/eu\\\/bbk-mendi-martxak\\\/portugalete-serantes\\\/\"]}]},{\"@type\":\"BreadcrumbList\",\"@id\":\"https:\\\/\\\/bmf-fvm.org\\\/eu\\\/bbk-mendi-martxak\\\/portugalete-serantes\\\/#breadcrumb\",\"itemListElement\":[{\"@type\":\"ListItem\",\"position\":1,\"name\":\"Portada\",\"item\":\"https:\\\/\\\/bmf-fvm.org\\\/eu\\\/\"},{\"@type\":\"ListItem\",\"position\":2,\"name\":\"BBK MENDI MARTXAK\",\"item\":\"https:\\\/\\\/bmf-fvm.org\\\/eu\\\/bbk-mendi-martxak\\\/\"},{\"@type\":\"ListItem\",\"position\":3,\"name\":\"Portugalete. Serantes\"}]},{\"@type\":\"WebSite\",\"@id\":\"https:\\\/\\\/bmf-fvm.org\\\/#website\",\"url\":\"https:\\\/\\\/bmf-fvm.org\\\/\",\"name\":\"Bizkaiko Mendizale Federazioa\",\"description\":\"Bizkaiko Mendizale Federazioa\",\"publisher\":{\"@id\":\"https:\\\/\\\/bmf-fvm.org\\\/#organization\"},\"potentialAction\":[{\"@type\":\"SearchAction\",\"target\":{\"@type\":\"EntryPoint\",\"urlTemplate\":\"https:\\\/\\\/bmf-fvm.org\\\/?s={search_term_string}\"},\"query-input\":{\"@type\":\"PropertyValueSpecification\",\"valueRequired\":true,\"valueName\":\"search_term_string\"}}],\"inLanguage\":\"eu\"},{\"@type\":\"Organization\",\"@id\":\"https:\\\/\\\/bmf-fvm.org\\\/#organization\",\"name\":\"Federaci\u00f3n Vizca\u00edna de Monta\u00f1a\",\"url\":\"https:\\\/\\\/bmf-fvm.org\\\/\",\"logo\":{\"@type\":\"ImageObject\",\"inLanguage\":\"eu\",\"@id\":\"https:\\\/\\\/bmf-fvm.org\\\/#\\\/schema\\\/logo\\\/image\\\/\",\"url\":\"https:\\\/\\\/bmf-fvm.org\\\/wp-content\\\/uploads\\\/2022\\\/03\\\/bmf-logo-trans.png\",\"contentUrl\":\"https:\\\/\\\/bmf-fvm.org\\\/wp-content\\\/uploads\\\/2022\\\/03\\\/bmf-logo-trans.png\",\"width\":41,\"height\":61,\"caption\":\"Federaci\u00f3n Vizca\u00edna de Monta\u00f1a\"},\"image\":{\"@id\":\"https:\\\/\\\/bmf-fvm.org\\\/#\\\/schema\\\/logo\\\/image\\\/\"},\"sameAs\":[\"https:\\\/\\\/facebook.com\\\/pages\\\/Bmf-Fvm\\\/597553177057267\"]}]}<\/script>\n<!-- \/ Yoast SEO plugin. -->","yoast_head_json":{"title":"Portugalete. Serantes - Bizkaiko Mendizale Federazioa","robots":{"index":"index","follow":"follow","max-snippet":"max-snippet:-1","max-image-preview":"max-image-preview:large","max-video-preview":"max-video-preview:-1"},"canonical":"https:\/\/bmf-fvm.org\/eu\/bbk-mendi-martxak\/portugalete-serantes\/","og_locale":"en_US","og_type":"article","og_title":"Portugalete. Serantes - Bizkaiko Mendizale Federazioa","og_description":"[vc_row][vc_column][vc_column_text css=&#8221;&#8221;]Hemen duzu Ganerantz M.T.\u00a0klubak BBK-k babestutako &#8220;BBK Mendi Martxak &#8217;25 &#8211; Bizkaiako xendazaletasun VIII. liga&#8221; ekimenaren barruan antolatutako jardueren&hellip;","og_url":"https:\/\/bmf-fvm.org\/eu\/bbk-mendi-martxak\/portugalete-serantes\/","og_site_name":"Bizkaiko Mendizale Federazioa","article_publisher":"https:\/\/facebook.com\/pages\/Bmf-Fvm\/597553177057267","article_modified_time":"2025-03-03T12:53:32+00:00","og_image":[{"width":200,"height":200,"url":"https:\/\/bmf-fvm.org\/wp-content\/uploads\/2022\/04\/bmf-fb-logo.jpg","type":"image\/jpeg"}],"twitter_card":"summary_large_image","twitter_misc":{"Est. reading time":"2 minutua"},"schema":{"@context":"https:\/\/schema.org","@graph":[{"@type":"WebPage","@id":"https:\/\/bmf-fvm.org\/eu\/bbk-mendi-martxak\/portugalete-serantes\/","url":"https:\/\/bmf-fvm.org\/eu\/bbk-mendi-martxak\/portugalete-serantes\/","name":"Portugalete. Serantes - Bizkaiko Mendizale Federazioa","isPartOf":{"@id":"https:\/\/bmf-fvm.org\/#website"},"datePublished":"2025-02-25T10:10:42+00:00","dateModified":"2025-03-03T12:53:32+00:00","breadcrumb":{"@id":"https:\/\/bmf-fvm.org\/eu\/bbk-mendi-martxak\/portugalete-serantes\/#breadcrumb"},"inLanguage":"eu","potentialAction":[{"@type":"ReadAction","target":["https:\/\/bmf-fvm.org\/eu\/bbk-mendi-martxak\/portugalete-serantes\/"]}]},{"@type":"BreadcrumbList","@id":"https:\/\/bmf-fvm.org\/eu\/bbk-mendi-martxak\/portugalete-serantes\/#breadcrumb","itemListElement":[{"@type":"ListItem","position":1,"name":"Portada","item":"https:\/\/bmf-fvm.org\/eu\/"},{"@type":"ListItem","position":2,"name":"BBK MENDI MARTXAK","item":"https:\/\/bmf-fvm.org\/eu\/bbk-mendi-martxak\/"},{"@type":"ListItem","position":3,"name":"Portugalete. Serantes"}]},{"@type":"WebSite","@id":"https:\/\/bmf-fvm.org\/#website","url":"https:\/\/bmf-fvm.org\/","name":"Bizkaiko Mendizale Federazioa","description":"Bizkaiko Mendizale Federazioa","publisher":{"@id":"https:\/\/bmf-fvm.org\/#organization"},"potentialAction":[{"@type":"SearchAction","target":{"@type":"EntryPoint","urlTemplate":"https:\/\/bmf-fvm.org\/?s={search_term_string}"},"query-input":{"@type":"PropertyValueSpecification","valueRequired":true,"valueName":"search_term_string"}}],"inLanguage":"eu"},{"@type":"Organization","@id":"https:\/\/bmf-fvm.org\/#organization","name":"Federaci\u00f3n Vizca\u00edna de Monta\u00f1a","url":"https:\/\/bmf-fvm.org\/","logo":{"@type":"ImageObject","inLanguage":"eu","@id":"https:\/\/bmf-fvm.org\/#\/schema\/logo\/image\/","url":"https:\/\/bmf-fvm.org\/wp-content\/uploads\/2022\/03\/bmf-logo-trans.png","contentUrl":"https:\/\/bmf-fvm.org\/wp-content\/uploads\/2022\/03\/bmf-logo-trans.png","width":41,"height":61,"caption":"Federaci\u00f3n Vizca\u00edna de Monta\u00f1a"},"image":{"@id":"https:\/\/bmf-fvm.org\/#\/schema\/logo\/image\/"},"sameAs":["https:\/\/facebook.com\/pages\/Bmf-Fvm\/597553177057267"]}]}},"_links":{"self":[{"href":"https:\/\/bmf-fvm.org\/eu\/wp-json\/wp\/v2\/pages\/115851","targetHints":{"allow":["GET"]}}],"collection":[{"href":"https:\/\/bmf-fvm.org\/eu\/wp-json\/wp\/v2\/pages"}],"about":[{"href":"https:\/\/bmf-fvm.org\/eu\/wp-json\/wp\/v2\/types\/page"}],"author":[{"embeddable":true,"href":"https:\/\/bmf-fvm.org\/eu\/wp-json\/wp\/v2\/users\/1"}],"replies":[{"embeddable":true,"href":"https:\/\/bmf-fvm.org\/eu\/wp-json\/wp\/v2\/comments?post=115851"}],"version-history":[{"count":0,"href":"https:\/\/bmf-fvm.org\/eu\/wp-json\/wp\/v2\/pages\/115851\/revisions"}],"up":[{"embeddable":true,"href":"https:\/\/bmf-fvm.org\/eu\/wp-json\/wp\/v2\/pages\/86890"}],"wp:attachment":[{"href":"https:\/\/bmf-fvm.org\/eu\/wp-json\/wp\/v2\/media?parent=115851"}],"curies":[{"name":"wp","href":"https:\/\/api.w.org\/{rel}","templated":true}]}}